{"id":23,"date":"2026-03-23T20:29:31","date_gmt":"2026-03-23T18:29:31","guid":{"rendered":"https:\/\/pilarvallmitjana.com\/?page_id=23"},"modified":"2026-07-31T18:15:52","modified_gmt":"2026-07-31T16:15:52","slug":"inici","status":"publish","type":"page","link":"https:\/\/pilarvallmitjana.com\/","title":{"rendered":"Pilar Vallmitjana"},"content":{"rendered":"\n<style>\n  html {\n    scroll-behavior: smooth;\n  }\n  .pv-menu-anchor {\n    scroll-margin-top: 104px;\n  }\n  .pv-nav {\n    position: fixed;\n    top: 0;\n    left: 0;\n    right: 0;\n    z-index: 300;\n    background: rgba(7, 7, 13, 0.94);\n    backdrop-filter: blur(12px);\n    -webkit-backdrop-filter: blur(12px);\n    border-bottom: 1px solid rgba(212, 168, 75, 0.08);\n    margin-left: 0 !important;\n    margin-right: 0 !important;\n    width: 100%;\n    min-width: 100%;\n  }\n  .pv-nav__inner {\n    max-width: 1200px;\n    margin: 0 auto;\n    padding: 0 48px;\n    min-height: 72px;\n    display: flex;\n    align-items: center;\n    justify-content: space-between;\n    gap: 24px;\n  }\n  .pv-nav__logo {\n    font-family: 'Cormorant Garamond', serif;\n    font-size: 1.35rem;\n    font-weight: 300;\n    color: #f0ece4;\n    letter-spacing: 0.12em;\n    text-decoration: none;\n    white-space: nowrap;\n  }\n  .pv-nav__logo em {\n    color: #d4a84b;\n    font-style: italic;\n  }\n  .pv-nav__menu {\n    list-style: none;\n    display: flex;\n    align-items: center;\n    justify-content: flex-end;\n    flex-wrap: wrap;\n    gap: 12px 28px;\n    margin: 0;\n    padding: 16px 0;\n  }\n  .pv-nav__menu a {\n    font-family: 'Montserrat', sans-serif;\n    font-size: 0.6rem;\n    font-weight: 500;\n    letter-spacing: 0.22em;\n    text-transform: uppercase;\n    color: #bcbab0;\n    text-decoration: none;\n    transition:\n      color 0.2s ease,\n      background 0.2s ease,\n      border-color 0.2s ease;\n  }\n  .pv-nav__menu a:hover {\n    color: #d4a84b;\n  }\n  .pv-nav__cta {\n    border: 1px solid #d4a84b;\n    color: #d4a84b !important;\n    padding: 8px 22px;\n  }\n  .pv-nav__cta:hover {\n    background: #d4a84b;\n    color: #07070d !important;\n  }\n  .pv-footer-list {\n    list-style: none;\n    margin: 0;\n    padding-left: 0;\n  }\n  .pv-footer-list li {\n    list-style: none;\n    margin: 0 0 10px 0;\n    font-family: 'Montserrat', sans-serif;\n    font-size: 0.72rem;\n    line-height: 1.8;\n    font-weight: 300;\n  }\n  .pv-footer-list li:last-child {\n    margin-bottom: 0;\n  }\n  @media (max-width: 900px) {\n    .pv-nav__inner {\n      padding: 16px 24px;\n      align-items: flex-start;\n      flex-direction: column;\n    }\n    .pv-nav__menu {\n      justify-content: flex-start;\n      padding-top: 0;\n    }\n  }\n<\/style>\n<nav class=\"pv-nav\" aria-label=\"Navegaci\u00f3 principal\">\n  <div class=\"pv-nav__inner\">\n    <a href=\"#inici\" class=\"pv-nav__logo\">Pilar <em>Vallmitjana<\/em><\/a>\n    <ul class=\"pv-nav__menu\">\n      <li><a href=\"#sobre-mi\">Sobre mi<\/a><\/li>\n      <li><a href=\"#metode\">El meu m\u00e8tode<\/a><\/li>\n      <li><a href=\"#serveis\">Serveis<\/a><\/li>\n      <li><a href=\"#membresia\">Membresia<\/a><\/li>\n      <li><a href=\"#serveis\" class=\"pv-nav__cta\">Descobreix els serveis<\/a><\/li>\n    <\/ul>\n  <\/div>\n<\/nav>\n\n\n\n<section class=\"wp-block-group alignfull is-style-section-1 pv-menu-anchor has-text-color has-background has-link-color has-large-font-size wp-elements-1 has-global-padding is-layout-constrained wp-container-core-group-is-layout-f1619d03 wp-block-group-is-layout-constrained is-style-section-1--1\" id=\"inici\" style=\"color:#bcbab0;background-color:#070713;min-height:100vh;margin-top:0;margin-bottom:0;padding-top:var(--wp--preset--spacing--80);padding-right:var(--wp--preset--spacing--70);padding-bottom:var(--wp--preset--spacing--80);padding-left:var(--wp--preset--spacing--70)\">\n<div class=\"wp-block-group is-vertical is-content-justification-center is-layout-flex wp-container-core-group-is-layout-8b541ab4 wp-block-group-is-layout-flex\">\n<p class=\"has-text-align-center has-text-color has-link-color has-montserrat-font-family wp-elements-2 wp-block-paragraph\" style=\"color:#d4a84b;font-size:0.58rem;font-style:normal;font-weight:400;letter-spacing:0.55em;text-transform:uppercase\">\n      Astroalqu\u00edmia &nbsp;\u2022&nbsp; Neuroreparaci\u00f3 &nbsp;\u2022&nbsp; Transformaci\u00f3\n    <\/p>\n\n\n\n<div class=\"wp-block-group is-vertical is-content-justification-center is-layout-flex wp-container-core-group-is-layout-bc18b00a wp-block-group-is-layout-flex\">\n<p class=\"has-text-align-center has-text-color has-link-color has-cormorant-garamond-font-family wp-elements-3 wp-block-paragraph\" style=\"color:#f0ece4;font-size:clamp(60.8px, 3.8rem + ((1vw - 3.2px) * 6.588), 128px);line-height:1\">\n        On la\n      <\/p>\n\n\n\n<p class=\"has-text-align-center has-text-color has-link-color has-cormorant-garamond-font-family wp-elements-4 wp-block-paragraph\" style=\"color:#e8c060;font-size:clamp(60.8px, 3.8rem + ((1vw - 3.2px) * 6.588), 128px);font-style:italic;font-weight:400;line-height:1\">\n        c\u00e8l\u00b7lula\n      <\/p>\n\n\n\n<p class=\"has-text-align-center has-text-color has-link-color has-cormorant-garamond-font-family wp-elements-5 wp-block-paragraph\" style=\"color:#f0ece4;font-size:clamp(60.8px, 3.8rem + ((1vw - 3.2px) * 6.588), 128px);line-height:1\">\n        i l\u2019astre es\n      <\/p>\n\n\n\n<p class=\"has-text-align-center has-text-color has-link-color has-cormorant-garamond-font-family wp-elements-6 wp-block-paragraph\" style=\"color:#e8c060;font-size:clamp(60.8px, 3.8rem + ((1vw - 3.2px) * 6.588), 128px);font-style:italic;font-weight:400;line-height:1\">\n        reconeixen\n      <\/p>\n<\/div>\n\n\n\n<div style=\"width: 1px; height: 80px; background: linear-gradient(180deg, transparent, #d4a84b, transparent); margin: 40px auto\"><\/div>\n\n\n\n<p class=\"has-text-align-center has-text-color has-link-color has-cormorant-garamond-font-family wp-elements-7 wp-block-paragraph\" style=\"color:#bcbab0;font-size:clamp(0.875rem, 0.875rem + ((1vw - 0.2rem) * 0.51), 1.2rem);font-style:italic;font-weight:300;line-height:1.65\">\n      T\u2019acompanyo a traduir la pols dels astres al llenguatge del teu propi cos, transformant els patrons de superviv\u00e8ncia en una biologia de la\n      llibertat.\n    <\/p>\n\n\n\n<div class=\"wp-block-buttons is-content-justification-center is-layout-flex wp-container-core-buttons-is-layout-35f06ea7 wp-block-buttons-is-layout-flex\">\n<div class=\"wp-block-button\"><a class=\"wp-block-button__link has-text-color has-background has-custom-font-size wp-element-button\" href=\"#serveis\" style=\"color:#07070d;background-color:#d4a84b;padding-top:16px;padding-right:44px;padding-bottom:16px;padding-left:44px;font-size:0.6rem;font-style:normal;font-weight:600;letter-spacing:0.3em\">Descobreix els serveis<\/a><\/div>\n\n\n\n<div class=\"wp-block-button\"><a class=\"wp-block-button__link has-text-color has-background has-border-color has-custom-font-size wp-element-button\" href=\"#sobre-mi\" style=\"border-color:rgba(212,168,75,0.35);border-width:1px;color:#f0ece4;background-color:transparent;padding-top:16px;padding-right:44px;padding-bottom:16px;padding-left:44px;font-size:0.6rem;font-style:normal;font-weight:600;letter-spacing:0.3em\">Con\u00e8ixer-me millor<\/a><\/div>\n<\/div>\n<\/div>\n<\/section>\n\n\n\n<section class=\"wp-block-group alignfull is-style-section-2 pv-menu-anchor has-text-color has-background has-link-color wp-elements-8 has-global-padding is-layout-constrained wp-container-core-group-is-layout-17553797 wp-block-group-is-layout-constrained is-style-section-2--2\" id=\"sobre-mi\" style=\"color:#2a2820;background-color:#ede8dc;margin-top:0;margin-bottom:0;padding-top:var(--wp--preset--spacing--50);padding-right:var(--wp--preset--spacing--50);padding-bottom:var(--wp--preset--spacing--50);padding-left:var(--wp--preset--spacing--50)\">\n<div class=\"wp-block-columns alignwide is-layout-flex wp-container-core-columns-is-layout-f911b2ec wp-block-columns-is-layout-flex\">\n<div class=\"wp-block-column is-layout-flow wp-block-column-is-layout-flow\" style=\"padding-right:var(--wp--preset--spacing--50);flex-basis:45%\">\n<h2 class=\"wp-block-heading has-text-align-center has-text-color has-link-color has-montserrat-font-family has-medium-font-size wp-elements-9\" style=\"color:#8a6820;font-style:normal;font-weight:400\">\n        \u2014 SOBRE MI \u2014\n      <\/h2>\n\n\n\n<figure class=\"wp-block-image size-full is-resized\"><img loading=\"lazy\" decoding=\"async\" width=\"1066\" height=\"1600\" src=\"https:\/\/pilarvallmitjana.com\/wp-content\/uploads\/2026\/07\/147208.jpg\" alt=\"\" class=\"wp-image-402\" style=\"aspect-ratio:0.6662526038182964;width:416px;height:auto\" srcset=\"https:\/\/pilarvallmitjana.com\/wp-content\/uploads\/2026\/07\/147208.jpg 1066w, https:\/\/pilarvallmitjana.com\/wp-content\/uploads\/2026\/07\/147208-200x300.jpg 200w, https:\/\/pilarvallmitjana.com\/wp-content\/uploads\/2026\/07\/147208-682x1024.jpg 682w, https:\/\/pilarvallmitjana.com\/wp-content\/uploads\/2026\/07\/147208-768x1153.jpg 768w, https:\/\/pilarvallmitjana.com\/wp-content\/uploads\/2026\/07\/147208-1023x1536.jpg 1023w\" sizes=\"auto, (max-width: 1066px) 100vw, 1066px\" \/><\/figure>\n\n\n\n<div class=\"wp-block-group is-content-justification-center is-nowrap is-layout-flex wp-container-core-group-is-layout-66baca2d wp-block-group-is-layout-flex\" style=\"margin-top:var(--wp--preset--spacing--30);margin-bottom:var(--wp--preset--spacing--30);font-size:clamp(4.509rem, 4.509rem + ((1vw - 0.2rem) * 8.613), 10rem);\">\n<p class=\"has-text-align-center has-text-color has-link-color has-montserrat-font-family wp-elements-10 wp-block-paragraph\" style=\"color:#8a6820;font-size:0.7rem;font-style:normal;font-weight:600;letter-spacing:0.5em\">\n          FORMACI\u00d3 I ESPECIALITZACI\u00d3\n        <\/p>\n<\/div>\n\n\n\n<div class=\"wp-block-group is-nowrap is-layout-flex wp-container-core-group-is-layout-da186569 wp-block-group-is-layout-flex\" style=\"border-bottom-color:#0f0f1a1a;border-bottom-width:1px;margin-top:0;margin-bottom:0;padding-top:var(--wp--preset--spacing--20);padding-bottom:var(--wp--preset--spacing--20)\">\n<div class=\"wp-block-group is-nowrap is-layout-flex wp-container-core-group-is-layout-3a88641f wp-block-group-is-layout-flex\">\n<p class=\"has-text-color has-link-color wp-elements-11 wp-block-paragraph\" style=\"color:#d4a84b;font-style:normal;font-weight:1000\"><strong>\u00b7<\/strong><\/p>\n<\/div>\n\n\n\n<div class=\"wp-block-group has-text-color has-link-color has-montserrat-font-family wp-elements-12 is-nowrap is-layout-flex wp-container-core-group-is-layout-3a88641f wp-block-group-is-layout-flex\" style=\"color:#2a2820;font-size:0.82rem;letter-spacing:0.04em\">\n<p class=\"wp-block-paragraph\" style=\"font-size:0.82rem\">Psic\u00f2loga<\/p>\n<\/div>\n<\/div>\n\n\n\n<div class=\"wp-block-group is-nowrap is-layout-flex wp-container-core-group-is-layout-da186569 wp-block-group-is-layout-flex\" style=\"border-bottom-color:#0f0f1a1a;border-bottom-width:1px;margin-top:0;margin-bottom:0;padding-top:var(--wp--preset--spacing--20);padding-bottom:var(--wp--preset--spacing--20)\">\n<div class=\"wp-block-group is-nowrap is-layout-flex wp-container-core-group-is-layout-3a88641f wp-block-group-is-layout-flex\">\n<p class=\"has-text-color has-link-color wp-elements-13 wp-block-paragraph\" style=\"color:#d4a84b;font-style:normal;font-weight:1000\"><strong>\u00b7<\/strong><\/p>\n<\/div>\n\n\n\n<div class=\"wp-block-group has-text-color has-link-color has-montserrat-font-family wp-elements-14 is-nowrap is-layout-flex wp-container-core-group-is-layout-3a88641f wp-block-group-is-layout-flex\" style=\"color:#2a2820;font-size:0.82rem;letter-spacing:0.04em\">\n<p class=\"wp-block-paragraph\" style=\"font-size:0.82rem\">Soci\u00f2loga<\/p>\n<\/div>\n<\/div>\n\n\n\n<div class=\"wp-block-group is-nowrap is-layout-flex wp-container-core-group-is-layout-da186569 wp-block-group-is-layout-flex\" style=\"border-bottom-color:#0f0f1a1a;border-bottom-width:1px;margin-top:0;margin-bottom:0;padding-top:var(--wp--preset--spacing--20);padding-bottom:var(--wp--preset--spacing--20)\">\n<div class=\"wp-block-group is-nowrap is-layout-flex wp-container-core-group-is-layout-3a88641f wp-block-group-is-layout-flex\">\n<p class=\"has-text-color has-link-color wp-elements-15 wp-block-paragraph\" style=\"color:#d4a84b;font-style:normal;font-weight:1000\"><strong>\u00b7<\/strong><\/p>\n<\/div>\n\n\n\n<div class=\"wp-block-group has-text-color has-link-color has-montserrat-font-family wp-elements-16 is-nowrap is-layout-flex wp-container-core-group-is-layout-3a88641f wp-block-group-is-layout-flex\" style=\"color:#2a2820;font-size:0.82rem;letter-spacing:0.04em\">\n<p class=\"wp-block-paragraph\" style=\"font-size:0.82rem\">Psicoterapeuta<\/p>\n<\/div>\n<\/div>\n\n\n\n<div class=\"wp-block-group is-nowrap is-layout-flex wp-container-core-group-is-layout-da186569 wp-block-group-is-layout-flex\" style=\"border-bottom-color:#0f0f1a1a;border-bottom-width:1px;margin-top:0;margin-bottom:0;padding-top:var(--wp--preset--spacing--20);padding-bottom:var(--wp--preset--spacing--20)\">\n<div class=\"wp-block-group is-nowrap is-layout-flex wp-container-core-group-is-layout-3a88641f wp-block-group-is-layout-flex\">\n<p class=\"has-text-color has-link-color wp-elements-17 wp-block-paragraph\" style=\"color:#d4a84b;font-style:normal;font-weight:1000\"><strong>\u00b7<\/strong><\/p>\n<\/div>\n\n\n\n<div class=\"wp-block-group has-text-color has-link-color has-montserrat-font-family wp-elements-18 is-nowrap is-layout-flex wp-container-core-group-is-layout-3a88641f wp-block-group-is-layout-flex\" style=\"color:#2a2820;font-size:0.82rem;letter-spacing:0.04em\">\n<p class=\"wp-block-paragraph\" style=\"font-size:0.82rem\">Astr\u00f2loga humanista<\/p>\n<\/div>\n<\/div>\n\n\n\n<div class=\"wp-block-group is-nowrap is-layout-flex wp-container-core-group-is-layout-da186569 wp-block-group-is-layout-flex\" style=\"border-bottom-color:#0f0f1a1a;border-bottom-width:1px;margin-top:0;margin-bottom:0;padding-top:var(--wp--preset--spacing--20);padding-bottom:var(--wp--preset--spacing--20)\">\n<div class=\"wp-block-group is-nowrap is-layout-flex wp-container-core-group-is-layout-3a88641f wp-block-group-is-layout-flex\">\n<p class=\"has-text-color has-link-color wp-elements-19 wp-block-paragraph\" style=\"color:#d4a84b;font-style:normal;font-weight:1000\"><strong>\u00b7<\/strong><\/p>\n<\/div>\n\n\n\n<div class=\"wp-block-group has-text-color has-link-color has-montserrat-font-family wp-elements-20 is-nowrap is-layout-flex wp-container-core-group-is-layout-3a88641f wp-block-group-is-layout-flex\" style=\"color:#2a2820;font-size:0.82rem;letter-spacing:0.04em\">\n<p class=\"wp-block-paragraph\" style=\"font-size:0.82rem\">Especialista en neuroreparaci\u00f3<\/p>\n<\/div>\n<\/div>\n\n\n\n<div class=\"wp-block-group is-nowrap is-layout-flex wp-container-core-group-is-layout-da186569 wp-block-group-is-layout-flex\" style=\"margin-top:0;margin-bottom:0;padding-top:var(--wp--preset--spacing--20);padding-bottom:var(--wp--preset--spacing--20)\">\n<div class=\"wp-block-group is-nowrap is-layout-flex wp-container-core-group-is-layout-3a88641f wp-block-group-is-layout-flex\">\n<p class=\"has-text-color has-link-color wp-elements-21 wp-block-paragraph\" style=\"color:#d4a84b;font-style:normal;font-weight:1000\"><strong>\u00b7<\/strong><\/p>\n<\/div>\n\n\n\n<div class=\"wp-block-group has-text-color has-link-color has-montserrat-font-family wp-elements-22 is-nowrap is-layout-flex wp-container-core-group-is-layout-3a88641f wp-block-group-is-layout-flex\" style=\"color:#2a2820;font-size:0.82rem;letter-spacing:0.04em\">\n<p class=\"wp-block-paragraph\" style=\"font-size:0.82rem\">Epigen\u00e8tica aplicada<\/p>\n<\/div>\n<\/div>\n<\/div>\n\n\n\n<div class=\"wp-block-column is-vertically-aligned-center is-layout-flow wp-block-column-is-layout-flow\" style=\"padding-right:0;padding-left:0;flex-basis:50%\">\n<p class=\"is-style-default has-text-color has-link-color has-montserrat-font-family wp-elements-23 wp-block-paragraph\" style=\"color:#0f0f1a;font-size:clamp(0.875rem, 0.875rem + ((1vw - 0.2rem) * 0.118), 0.95rem);font-style:normal;font-weight:300;line-height:2\">\n        Em dic Pilar i m&#8217;he especialitzat a escoltar el di\u00e0leg invisible que hi ha entre la teva biologia i el cosmos. Durant anys, he compr\u00e8s que la\n        teva carta natal no \u00e9s nom\u00e9s un dest\u00ed escrit al cel, sin\u00f3 una partitura que vibra en cada una de les teves c\u00e8l\u00b7lules.\n      <\/p>\n\n\n\n<p class=\"is-style-default has-text-color has-link-color has-montserrat-font-family wp-elements-24 wp-block-paragraph\" style=\"color:#0f0f1a;font-size:clamp(0.875rem, 0.875rem + ((1vw - 0.2rem) * 0.118), 0.95rem);font-style:normal;font-weight:300;line-height:2\">\n        El meu treball neix en la intersecci\u00f3 on la neuroci\u00e8ncia es troba amb la po\u00e8tica del s\u00edmbol i l&#8217;arquetip i l&#8217;astrologia amb la reparaci\u00f3 del\n        sistema nervi\u00f3s. T&#8217;acompanyo a traduir la pols dels astres al llenguatge del teu propi cos, transformant els patrons de superviv\u00e8ncia en una\n        biologia de la llibertat. Perqu\u00e8 quan el teu teixit recorda la seva estrella, el dolor es transmuta en sobirania..\n      <\/p>\n\n\n\n<hr class=\"wp-block-separator has-alpha-channel-opacity\"\/>\n\n\n\n<p class=\"is-style-text-subtitle has-text-color has-link-color wp-elements-25 is-style-text-subtitle--3 wp-block-paragraph\" style=\"color:#8a6820;font-size:clamp(0.875rem, 0.875rem + ((1vw - 0.2rem) * 0.51), 1.2rem);line-height:2.1;text-transform:uppercase\">\n        \u2014 La meva pr\u00f2pia Alqu\u00edmia: El retorn al centre \u2014\n      <\/p>\n\n\n\n<p class=\"is-style-default has-text-color has-link-color has-montserrat-font-family wp-elements-26 wp-block-paragraph\" style=\"color:#0f0f1a;font-size:clamp(0.875rem, 0.875rem + ((1vw - 0.2rem) * 0.118), 0.95rem);font-style:normal;font-weight:300;line-height:2\">\n        El cam\u00ed fins aqu\u00ed no ha estat una l\u00ednia recta, sin\u00f3 una espiral de retorn. Durant molt de temps, jo tamb\u00e9 vaig viure fragmentada. Per una\n        banda, buscava respostes en el rigor de la ci\u00e8ncia i la biologia, intentant entendre per qu\u00e8 el meu cos reaccionava amb por o rigidesa davant\n        la vida. Per l&#8217;altra, sentia la crida d&#8217;un llenguatge m\u00e9s antic \u2014el dels astres i la po\u00e8tica\u2014 que semblava con\u00e8ixer els secrets del meu\n        patiment molt millor que qualsevol diagn\u00f2stic fred.\n      <\/p>\n\n\n\n<blockquote class=\"wp-block-quote has-text-color has-background has-link-color wp-elements-27 is-layout-flow wp-block-quote-is-layout-flow\" style=\"color:#d4a84b;background-color:#d4a84b0f\">\n<p class=\"has-text-align-center has-text-color has-link-color has-cormorant-garamond-font-family wp-elements-28 wp-block-paragraph\" style=\"color:#0f0f1a;font-size:clamp(0.984rem, 0.984rem + ((1vw - 0.2rem) * 0.809), 1.5rem);font-style:italic;font-weight:300\">\n          \u00abVa ser en el punt m\u00e9s dolor\u00f3s d&#8217;aquesta cerca quan vaig comprendre que\n          <strong>la c\u00e8l\u00b7lula i l&#8217;astre parlen el mateix llenguatge<\/strong>.\u00bb\n        <\/p>\n<\/blockquote>\n\n\n\n<p class=\"is-style-default has-text-color has-link-color has-montserrat-font-family wp-elements-29 wp-block-paragraph\" style=\"color:#0f0f1a;font-size:clamp(0.875rem, 0.875rem + ((1vw - 0.2rem) * 0.118), 0.95rem);font-style:normal;font-weight:300;line-height:2\">\n        Vaig descobrir que no n\u2019hi havia prou amb \u201centendre\u201d la meva carta natal de forma intel\u00b7lectual si el meu sistema nervi\u00f3s seguia atrapat en\n        mem\u00f2ries de superviv\u00e8ncia. I que no n\u2019hi havia prou amb \u201crelaxar el cos\u201d si no donava un sentit transcendent a la meva exist\u00e8ncia. Necessitava\n        un pont.\n      <\/p>\n\n\n\n<p class=\"is-style-default has-text-color has-link-color has-montserrat-font-family wp-elements-30 wp-block-paragraph\" style=\"color:#0f0f1a;font-size:clamp(0.875rem, 0.875rem + ((1vw - 0.2rem) * 0.118), 0.95rem);font-style:normal;font-weight:300;line-height:2\">\n        Avui, la meva missi\u00f3 \u00e9s acompanyar-te a tu en aquest mateix proc\u00e9s de destil\u00b7laci\u00f3. No s\u00f3c aqu\u00ed per dir-te qui ets, sin\u00f3 per ajudar-te a\n        despullar-te de tot el que no et pertany, fins que nom\u00e9s quedi la teva ess\u00e8ncia.\n      <\/p>\n<\/div>\n<\/div>\n<\/section>\n\n\n\n<section class=\"wp-block-group alignfull is-style-default has-text-color has-background has-link-color has-large-font-size wp-elements-31 is-layout-flow wp-block-group-is-layout-flow\" style=\"color:#bcbab0;background-color:#131320;min-height:0vh;margin-top:0;margin-bottom:0;padding-top:var(--wp--preset--spacing--60);padding-right:var(--wp--preset--spacing--70);padding-bottom:var(--wp--preset--spacing--60);padding-left:var(--wp--preset--spacing--70)\">\n<h2 class=\"wp-block-heading has-text-align-center has-text-color has-link-color has-montserrat-font-family has-medium-font-size wp-elements-32\" style=\"color:#d4a84b;font-style:normal;font-weight:400;letter-spacing:5px\">\n    \u2014 EL MEU MANIFEST \u2014\n  <\/h2>\n\n\n\n<div class=\"wp-block-group is-style-default has-global-padding is-layout-constrained wp-container-core-group-is-layout-90edb088 wp-block-group-is-layout-constrained\">\n<h2 class=\"wp-block-heading has-text-align-center has-text-color has-link-color has-cormorant-garamond-font-family wp-elements-33\" style=\"color:#f0ece4;margin-right:0;margin-left:0;padding-top:var(--wp--preset--spacing--30);padding-right:0;padding-bottom:var(--wp--preset--spacing--30);padding-left:0;font-size:clamp(1.976rem, 1.976rem + ((1vw - 0.2rem) * 2.391), 3.5rem);font-style:normal;font-weight:300\">\n      En qu\u00e8 crec\n    <\/h2>\n\n\n\n<figure class=\"wp-block-image size-large is-resized\"><img loading=\"lazy\" decoding=\"async\" width=\"1024\" height=\"683\" src=\"https:\/\/pilarvallmitjana.com\/wp-content\/uploads\/2026\/05\/DSCF5007-1-1024x683.jpg\" alt=\"\" class=\"wp-image-341\" style=\"aspect-ratio:1.499291758980133;width:519px;height:auto\" srcset=\"https:\/\/pilarvallmitjana.com\/wp-content\/uploads\/2026\/05\/DSCF5007-1-1024x683.jpg 1024w, https:\/\/pilarvallmitjana.com\/wp-content\/uploads\/2026\/05\/DSCF5007-1-300x200.jpg 300w, https:\/\/pilarvallmitjana.com\/wp-content\/uploads\/2026\/05\/DSCF5007-1-768x512.jpg 768w, https:\/\/pilarvallmitjana.com\/wp-content\/uploads\/2026\/05\/DSCF5007-1-1536x1024.jpg 1536w, https:\/\/pilarvallmitjana.com\/wp-content\/uploads\/2026\/05\/DSCF5007-1-2048x1365.jpg 2048w, https:\/\/pilarvallmitjana.com\/wp-content\/uploads\/2026\/05\/DSCF5007-1-1320x880.jpg 1320w\" sizes=\"auto, (max-width: 1024px) 100vw, 1024px\" \/><\/figure>\n<\/div>\n\n\n\n<div class=\"wp-block-group is-content-justification-center is-nowrap is-layout-flex wp-container-core-group-is-layout-c63dd3c2 wp-block-group-is-layout-flex\" style=\"padding-right:var(--wp--preset--spacing--20);padding-left:var(--wp--preset--spacing--20)\">\n<div class=\"wp-block-group is-nowrap is-layout-flex wp-container-core-group-is-layout-3a88641f wp-block-group-is-layout-flex\" style=\"border-top-style:none;border-top-width:0px;border-right-color:#d4a84b1f;border-right-width:1px;border-bottom-style:none;border-bottom-width:0px;border-left-style:none;border-left-width:0px\">\n<div class=\"wp-block-group has-global-padding is-layout-constrained wp-container-core-group-is-layout-1270b9d1 wp-block-group-is-layout-constrained\" style=\"min-height:350px;padding-right:var(--wp--preset--spacing--50);padding-left:var(--wp--preset--spacing--50)\">\n<p class=\"has-text-align-center has-text-color has-link-color has-cormorant-garamond-font-family wp-elements-34 wp-block-paragraph\" style=\"color:#8a6820;font-size:clamp(1.301rem, 1.301rem + ((1vw - 0.2rem) * 1.253), 2.1rem);font-style:italic;font-weight:300\">\n          I\n        <\/p>\n\n\n\n<p class=\"has-text-align-center has-text-color has-link-color has-cormorant-garamond-font-family wp-elements-35 wp-block-paragraph\" style=\"color:#e8c060;font-size:clamp(0.875rem, 0.875rem + ((1vw - 0.2rem) * 0.353), 1.1rem);font-style:italic;font-weight:300\">\n          Crec en la Biologia Sagrada\n        <\/p>\n\n\n\n<p class=\"has-text-color has-link-color has-montserrat-font-family wp-elements-36 wp-block-paragraph\" style=\"color:#bcbab0;font-size:0.8rem;line-height:1.8\">\n          El teu cos no \u00e9s un obstacle, \u00e9s el gresol. Si el s\u00edmbol no baixa a la c\u00e8l\u00b7lula i no calma el teu sistema nervi\u00f3s, nom\u00e9s \u00e9s informaci\u00f3, no\n          \u00e9s transformaci\u00f3.\n        <\/p>\n<\/div>\n<\/div>\n\n\n\n<div class=\"wp-block-group is-nowrap is-layout-flex wp-container-core-group-is-layout-3a88641f wp-block-group-is-layout-flex\" style=\"border-top-style:none;border-top-width:0px;border-right-color:#d4a84b1f;border-right-width:1px;border-bottom-style:none;border-bottom-width:0px;border-left-style:none;border-left-width:0px\">\n<div class=\"wp-block-group has-global-padding is-layout-constrained wp-container-core-group-is-layout-1270b9d1 wp-block-group-is-layout-constrained\" style=\"min-height:350px;padding-right:var(--wp--preset--spacing--50);padding-left:var(--wp--preset--spacing--50)\">\n<p class=\"has-text-align-center has-text-color has-link-color has-cormorant-garamond-font-family wp-elements-37 wp-block-paragraph\" style=\"color:#8a6820;font-size:clamp(1.301rem, 1.301rem + ((1vw - 0.2rem) * 1.253), 2.1rem);font-style:italic;font-weight:300\">\n          II\n        <\/p>\n\n\n\n<p class=\"has-text-align-center has-text-color has-link-color has-cormorant-garamond-font-family wp-elements-38 wp-block-paragraph\" style=\"color:#e8c060;font-size:clamp(0.875rem, 0.875rem + ((1vw - 0.2rem) * 0.353), 1.1rem);font-style:italic;font-weight:300\">\n          Crec en la Bellesa com a Medicina\n        <\/p>\n\n\n\n<p class=\"has-text-color has-link-color has-montserrat-font-family wp-elements-39 wp-block-paragraph\" style=\"color:#bcbab0;font-size:0.8rem;line-height:1.8\">\n          Com deia Ficino, l\u2019\u00e0nima es guareix a trav\u00e9s de les imatges. La po\u00e8tica, el vers , l&#8217;art i la geometria sagrada no s\u00f3n ornaments; s\u00f3n la\n          freq\u00fc\u00e8ncia que permet que la teva biologia recordi la seva harmonia original.\n        <\/p>\n<\/div>\n<\/div>\n\n\n\n<div class=\"wp-block-group is-nowrap is-layout-flex wp-container-core-group-is-layout-3a88641f wp-block-group-is-layout-flex\" style=\"border-top-style:none;border-top-width:0px;border-right-color:#d4a84b1f;border-right-width:1px;border-bottom-style:none;border-bottom-width:0px;border-left-style:none;border-left-width:0px\">\n<div class=\"wp-block-group has-global-padding is-layout-constrained wp-container-core-group-is-layout-1270b9d1 wp-block-group-is-layout-constrained\" style=\"min-height:350px;padding-right:var(--wp--preset--spacing--50);padding-left:var(--wp--preset--spacing--50)\">\n<p class=\"has-text-align-center has-text-color has-link-color has-cormorant-garamond-font-family wp-elements-40 wp-block-paragraph\" style=\"color:#8a6820;font-size:clamp(1.301rem, 1.301rem + ((1vw - 0.2rem) * 1.253), 2.1rem);font-style:italic;font-weight:300\">\n          III\n        <\/p>\n\n\n\n<p class=\"has-text-align-center has-text-color has-link-color has-cormorant-garamond-font-family wp-elements-41 wp-block-paragraph\" style=\"color:#e8c060;font-size:clamp(0.875rem, 0.875rem + ((1vw - 0.2rem) * 0.353), 1.1rem);font-style:italic;font-weight:300\">\n          Crec en la Responsabilitat Radical\n        <\/p>\n\n\n\n<p class=\"has-text-color has-link-color has-montserrat-font-family wp-elements-42 wp-block-paragraph\" style=\"color:#bcbab0;font-size:0.8rem;line-height:1.8\">\n          La teva carta natal no \u00e9s una sent\u00e8ncia, \u00e9s un mapa de possibilitats. No som v\u00edctimes dels astres, som co-creadores del nostre dest\u00ed a\n          trav\u00e9s de la consci\u00e8ncia.\n        <\/p>\n<\/div>\n<\/div>\n\n\n\n<div class=\"wp-block-group is-nowrap is-layout-flex wp-container-core-group-is-layout-3a88641f wp-block-group-is-layout-flex\" style=\"border-top-style:none;border-top-width:0px;border-right-color:#d4a84b1f;border-right-width:1px;border-bottom-style:none;border-bottom-width:0px;border-left-style:none;border-left-width:0px\">\n<div class=\"wp-block-group has-global-padding is-layout-constrained wp-container-core-group-is-layout-1270b9d1 wp-block-group-is-layout-constrained\" style=\"min-height:350px;padding-right:var(--wp--preset--spacing--50);padding-left:var(--wp--preset--spacing--50)\">\n<p class=\"has-text-align-center has-text-color has-link-color has-cormorant-garamond-font-family wp-elements-43 wp-block-paragraph\" style=\"color:#8a6820;font-size:clamp(1.301rem, 1.301rem + ((1vw - 0.2rem) * 1.253), 2.1rem);font-style:italic;font-weight:300\">\n          IV\n        <\/p>\n\n\n\n<p class=\"has-text-align-center has-text-color has-link-color has-cormorant-garamond-font-family wp-elements-44 wp-block-paragraph\" style=\"color:#e8c060;font-size:clamp(0.875rem, 0.875rem + ((1vw - 0.2rem) * 0.353), 1.1rem);font-style:italic;font-weight:300\">\n          Crec en el Poder de l\u2019Ombra\n        <\/p>\n\n\n\n<p class=\"has-text-color has-link-color has-montserrat-font-family wp-elements-45 wp-block-paragraph\" style=\"color:#bcbab0;font-size:0.8rem;line-height:1.8\">\n          No busquem una llum ing\u00e8nua. Creiem que el diamant es cou en la pressi\u00f3 i que la teva ferida (el teu Quir\u00f3, el teu Saturn) \u00e9s, precisament,\n          la teva porta d\u2019entrada a la teva sobirania m\u00e9s aut\u00e8ntica.\n        <\/p>\n<\/div>\n<\/div>\n\n\n\n<div class=\"wp-block-group is-nowrap is-layout-flex wp-container-core-group-is-layout-3a88641f wp-block-group-is-layout-flex\" style=\"border-top-style:none;border-top-width:0px;border-right-color:#d4a84b1f;border-right-width:1px;border-bottom-style:none;border-bottom-width:0px;border-left-style:none;border-left-width:0px\">\n<div class=\"wp-block-group has-global-padding is-layout-constrained wp-container-core-group-is-layout-1270b9d1 wp-block-group-is-layout-constrained\" style=\"min-height:350px;padding-right:var(--wp--preset--spacing--50);padding-left:var(--wp--preset--spacing--50)\">\n<p class=\"has-text-align-center has-text-color has-link-color has-cormorant-garamond-font-family wp-elements-46 wp-block-paragraph\" style=\"color:#8a6820;font-size:clamp(1.301rem, 1.301rem + ((1vw - 0.2rem) * 1.253), 2.1rem);font-style:italic;font-weight:300\">\n          V\n        <\/p>\n\n\n\n<p class=\"has-text-align-center has-text-color has-link-color has-cormorant-garamond-font-family wp-elements-47 wp-block-paragraph\" style=\"color:#e8c060;font-size:clamp(0.875rem, 0.875rem + ((1vw - 0.2rem) * 0.353), 1.1rem);font-style:italic;font-weight:300\">\n          Crec en el Vincle com a Mirall\n        <\/p>\n\n\n\n<p class=\"has-text-color has-link-color has-montserrat-font-family wp-elements-48 wp-block-paragraph\" style=\"color:#bcbab0;font-size:0.8rem;line-height:1.8\">\n          Ens curem en relaci\u00f3. Utilitzem l&#8217;astroalqu\u00edmia per deixar de projectar les nostres mancances i comen\u00e7ar a habitar vincles on dues solituds\n          es protegeixen i s&#8217;inspiren.\n        <\/p>\n<\/div>\n<\/div>\n<\/div>\n<\/section>\n\n\n\n<section class=\"wp-block-group alignfull pv-menu-anchor has-text-color has-background has-link-color wp-elements-49 has-global-padding is-layout-constrained wp-container-core-group-is-layout-d51aee20 wp-block-group-is-layout-constrained\" id=\"metode\" style=\"color:#2a2820;background-color:#ede8dc;margin-top:0;margin-bottom:0;padding-top:var(--wp--preset--spacing--70);padding-right:var(--wp--preset--spacing--50);padding-bottom:var(--wp--preset--spacing--70);padding-left:var(--wp--preset--spacing--50)\">\n<p class=\"has-text-align-center has-text-color has-link-color has-montserrat-font-family has-medium-font-size wp-elements-50 wp-block-paragraph\" style=\"color:#8a6820;font-style:normal;font-weight:400;letter-spacing:5px\">\n    \u2014 EL MEU M\u00c8TODE \u2014\n  <\/p>\n\n\n\n<h2 class=\"wp-block-heading has-text-align-center has-text-color has-link-color has-cormorant-garamond-font-family wp-elements-51\" style=\"color:#0f0f1a;font-size:clamp(2.2rem, 2.2rem + ((1vw - 0.2rem) * 2.824), 4rem);font-style:italic;font-weight:300;line-height:1.1\">\n    L&#8217;arquitectura de l&#8217;\u00e9sser\n  <\/h2>\n\n\n\n<div class=\"wp-block-group has-global-padding is-layout-constrained wp-container-core-group-is-layout-5b18e723 wp-block-group-is-layout-constrained\" style=\"padding-right:var(--wp--preset--spacing--50);padding-left:var(--wp--preset--spacing--50)\">\n<p class=\"has-text-color has-link-color has-montserrat-font-family wp-elements-52 wp-block-paragraph\" style=\"color:#2a2820;font-size:clamp(0.875rem, 0.875rem + ((1vw - 0.2rem) * 0.071), 0.92rem);font-style:normal;font-weight:300;line-height:1.95\">\n      Durant anys, vaig viure dividida entre dos llenguatges que semblaven irreconciliables: el rigor de la ci\u00e8ncia i la pulsaci\u00f3 del cosmos. La meva\n      pr\u00f2pia crisi personal em va portar a descobrir que la resposta era a la intersecci\u00f3.\n    <\/p>\n\n\n\n<p class=\"has-text-color has-link-color has-montserrat-font-family wp-elements-53 wp-block-paragraph\" style=\"color:#2a2820;font-size:clamp(0.875rem, 0.875rem + ((1vw - 0.2rem) * 0.071), 0.92rem);font-style:normal;font-weight:300;line-height:1.95\">\n      Vaig entendre que la carta natal no \u00e9s una sent\u00e8ncia, sin\u00f3 un mapa de probabilitats, i que la ci\u00e8ncia de l&#8217;epigen\u00e8tica \u00e9s la clau que ens d\u00f3na\n      el perm\u00eds biol\u00f2gic per canviar el nostre dest\u00ed.\n    <\/p>\n\n\n\n<figure class=\"wp-block-image size-large\"><img loading=\"lazy\" decoding=\"async\" width=\"1024\" height=\"682\" src=\"https:\/\/pilarvallmitjana.com\/wp-content\/uploads\/2026\/07\/IMG-20260726-WA0015-1024x682.jpg\" alt=\"\" class=\"wp-image-404\" srcset=\"https:\/\/pilarvallmitjana.com\/wp-content\/uploads\/2026\/07\/IMG-20260726-WA0015-1024x682.jpg 1024w, https:\/\/pilarvallmitjana.com\/wp-content\/uploads\/2026\/07\/IMG-20260726-WA0015-300x200.jpg 300w, https:\/\/pilarvallmitjana.com\/wp-content\/uploads\/2026\/07\/IMG-20260726-WA0015-768x512.jpg 768w, https:\/\/pilarvallmitjana.com\/wp-content\/uploads\/2026\/07\/IMG-20260726-WA0015-1536x1023.jpg 1536w, https:\/\/pilarvallmitjana.com\/wp-content\/uploads\/2026\/07\/IMG-20260726-WA0015-1320x879.jpg 1320w, https:\/\/pilarvallmitjana.com\/wp-content\/uploads\/2026\/07\/IMG-20260726-WA0015.jpg 1600w\" sizes=\"auto, (max-width: 1024px) 100vw, 1024px\" \/><\/figure>\n<\/div>\n\n\n\n<div class=\"wp-block-columns alignwide is-layout-flex wp-container-core-columns-is-layout-14dc1b83 wp-block-columns-is-layout-flex\" style=\"padding-top:var(--wp--preset--spacing--50);padding-bottom:var(--wp--preset--spacing--50)\">\n<div class=\"wp-block-column is-layout-flow wp-block-column-is-layout-flow\" style=\"flex-basis:80px\">\n<p class=\"has-text-color has-link-color wp-elements-54 wp-block-paragraph\" style=\"color:#8a6820;font-size:clamp(2.418rem, 2.418rem + ((1vw - 0.2rem) * 3.266), 4.5rem);font-style:italic;font-weight:300;line-height:1\"><p class=\"has-text-color has-link-color has-cormorant-garamond-font-family\" style=\"color: rgba(138, 104, 32, 0.22); font-size: 4.5rem; font-style: italic; font-weight: 300; line-height: 1\">\n        01\n      <\/p><\/p>\n<\/div>\n\n\n\n<div class=\"wp-block-column is-layout-flow wp-block-column-is-layout-flow\">\n<p class=\"has-text-color has-link-color has-montserrat-font-family wp-elements-55 wp-block-paragraph\" style=\"color:#8a6820;font-size:0.58rem;font-style:normal;font-weight:600;letter-spacing:0.4em\">\n        EL DI\u00c0LEG AMB LA NOSTRA BIOLOGIA\n      <\/p>\n\n\n\n<h3 class=\"wp-block-heading has-text-align-center has-text-color has-link-color has-cormorant-garamond-font-family wp-elements-56\" style=\"color:#0f0f1a;font-size:clamp(1.25rem, 1.25rem + ((1vw - 0.2rem) * 1.176), 2rem);font-style:italic;font-weight:300\">\n        Astroalqu\u00edmia\n      <\/h3>\n\n\n\n<p class=\"has-text-color has-link-color has-montserrat-font-family wp-elements-57 wp-block-paragraph\" style=\"color:#2a2820;font-size:clamp(0.875rem, 0.875rem + ((1vw - 0.2rem) * 0.008), 0.88rem);font-style:normal;font-weight:300;line-height:1.95\">\n        Recollint el testimoni de l&#8217;astrologia humanista, entenem el mapa natal no com un determinisme, sin\u00f3 com un potencial de creixement. Utilitzem\n        els cicles planet\u00e0ries com a met\u00e0fores de processos ps\u00edquics. Transformem el \u00abplom\u00bb de les nostres ferides en l&#8217;\u00abor\u00bb de la consci\u00e8ncia\n        conscient.\n      <\/p>\n<\/div>\n\n\n\n<div class=\"wp-block-column has-text-color has-background has-link-color wp-elements-58 is-layout-flow wp-block-column-is-layout-flow\" style=\"color:#bcbab0;background-color:#1a1a2a;padding-top:var(--wp--preset--spacing--40);padding-right:var(--wp--preset--spacing--40);padding-bottom:var(--wp--preset--spacing--40);padding-left:var(--wp--preset--spacing--40);flex-basis:300px\">\n<h4 class=\"wp-block-heading has-text-align-center has-text-color has-link-color has-cormorant-garamond-font-family wp-elements-59\" style=\"color:#e8c060;font-size:clamp(0.875rem, 0.875rem + ((1vw - 0.2rem) * 0.118), 0.95rem);font-style:italic;font-weight:400\">\n        L&#8217;Alqu\u00edmia Interior\n      <\/h4>\n\n\n\n<figure class=\"wp-block-image size-large\"><img loading=\"lazy\" decoding=\"async\" width=\"1024\" height=\"682\" src=\"https:\/\/pilarvallmitjana.com\/wp-content\/uploads\/2026\/07\/147202-1024x682.jpg\" alt=\"\" class=\"wp-image-405\" srcset=\"https:\/\/pilarvallmitjana.com\/wp-content\/uploads\/2026\/07\/147202-1024x682.jpg 1024w, https:\/\/pilarvallmitjana.com\/wp-content\/uploads\/2026\/07\/147202-300x200.jpg 300w, https:\/\/pilarvallmitjana.com\/wp-content\/uploads\/2026\/07\/147202-768x512.jpg 768w, https:\/\/pilarvallmitjana.com\/wp-content\/uploads\/2026\/07\/147202-1536x1023.jpg 1536w, https:\/\/pilarvallmitjana.com\/wp-content\/uploads\/2026\/07\/147202-1320x879.jpg 1320w, https:\/\/pilarvallmitjana.com\/wp-content\/uploads\/2026\/07\/147202.jpg 1600w\" sizes=\"auto, (max-width: 1024px) 100vw, 1024px\" \/><\/figure>\n\n\n\n<p class=\"has-text-color has-link-color has-montserrat-font-family wp-elements-60 wp-block-paragraph\" style=\"color:#bcbab0;font-size:0.82rem;font-style:normal;font-weight:300;line-height:1.8\">\n        Els cicles planet\u00e0ries com a met\u00e0fores de processos ps\u00edquics. El teu mapa natal \u00e9s el teu potencial de creixement i llibertat.\n      <\/p>\n<\/div>\n<\/div>\n\n\n\n<hr class=\"wp-block-separator has-text-color has-alpha-channel-opacity has-background is-style-wide is-style-wide--4\" style=\"background-color:#0f0f1a1a;color:#0f0f1a1a\"\/>\n\n\n\n<div class=\"wp-block-columns alignwide is-layout-flex wp-container-core-columns-is-layout-14dc1b83 wp-block-columns-is-layout-flex\" style=\"padding-top:var(--wp--preset--spacing--50);padding-bottom:var(--wp--preset--spacing--50)\">\n<div class=\"wp-block-column is-layout-flow wp-block-column-is-layout-flow\" style=\"flex-basis:80px\">\n<p class=\"has-text-color has-link-color wp-elements-61 wp-block-paragraph\" style=\"color:#8a6820;font-size:clamp(2.418rem, 2.418rem + ((1vw - 0.2rem) * 3.266), 4.5rem);font-style:italic;font-weight:300;line-height:1\"><p class=\"has-text-color has-link-color has-cormorant-garamond-font-family\" style=\"color: rgba(138, 104, 32, 0.22); font-size: 4.5rem; font-style: italic; font-weight: 300; line-height: 1\">\n        02\n      <\/p><\/p>\n<\/div>\n\n\n\n<div class=\"wp-block-column is-layout-flow wp-block-column-is-layout-flow\">\n<p class=\"has-text-color has-link-color has-montserrat-font-family wp-elements-62 wp-block-paragraph\" style=\"color:#8a6820;font-size:0.58rem;font-style:normal;font-weight:600;letter-spacing:0.4em\">\n        LA GEOMETRIA DEL DEST\u00cd\n      <\/p>\n\n\n\n<h3 class=\"wp-block-heading has-text-align-center has-text-color has-link-color has-cormorant-garamond-font-family wp-elements-63\" style=\"color:#0f0f1a;font-size:clamp(1.25rem, 1.25rem + ((1vw - 0.2rem) * 1.176), 2rem);font-style:italic;font-weight:300\">Neuroreparaci\u00f3 Arquetipal<\/h3>\n\n\n\n<p class=\"has-text-color has-link-color has-montserrat-font-family wp-elements-64 wp-block-paragraph\" style=\"color:#2a2820;font-size:clamp(0.875rem, 0.875rem + ((1vw - 0.2rem) * 0.008), 0.88rem);font-style:normal;font-weight:300;line-height:1.95\">\n        La neuroreparaci\u00f3 \u00e9s el proc\u00e9s d&#8217;utilitzar el s\u00edmbol astrol\u00f2gic i la po\u00e8tica com a est\u00edmuls per a la neuroplasticitat conscient. Consisteix a\n        identificar els patrons reactius del teu sistema nervi\u00f3s a la carta natal per, mitjan\u00e7ant pr\u00e0ctiques som\u00e0tiques, \u00abreescriure\u00bb els circuits del\n        trauma en vies de seguretat i poder personal.\n      <\/p>\n<\/div>\n\n\n\n<div class=\"wp-block-column is-vertically-aligned-center has-text-color has-background has-link-color wp-elements-65 is-layout-flow wp-block-column-is-layout-flow\" style=\"color:#bcbab0;background-color:#1a1a2a;padding-top:var(--wp--preset--spacing--40);padding-right:var(--wp--preset--spacing--40);padding-bottom:var(--wp--preset--spacing--40);padding-left:var(--wp--preset--spacing--40);flex-basis:300px\">\n<h4 class=\"wp-block-heading has-text-align-center has-text-color has-link-color has-cormorant-garamond-font-family wp-elements-66\" style=\"color:#e8c060;font-size:clamp(0.875rem, 0.875rem + ((1vw - 0.2rem) * 0.118), 0.95rem);font-style:italic;font-weight:400\">\n        Acompanyament terap\u00e8utic\n      <\/h4>\n\n\n\n<figure class=\"wp-block-image aligncenter size-full is-resized\"><img loading=\"lazy\" decoding=\"async\" width=\"1707\" height=\"2560\" src=\"https:\/\/pilarvallmitjana.com\/wp-content\/uploads\/2026\/05\/DSCF4899-scaled.jpg\" alt=\"\" class=\"wp-image-257\" style=\"width:213px;height:auto\" srcset=\"https:\/\/pilarvallmitjana.com\/wp-content\/uploads\/2026\/05\/DSCF4899-scaled.jpg 1707w, https:\/\/pilarvallmitjana.com\/wp-content\/uploads\/2026\/05\/DSCF4899-200x300.jpg 200w, https:\/\/pilarvallmitjana.com\/wp-content\/uploads\/2026\/05\/DSCF4899-683x1024.jpg 683w, https:\/\/pilarvallmitjana.com\/wp-content\/uploads\/2026\/05\/DSCF4899-768x1152.jpg 768w, https:\/\/pilarvallmitjana.com\/wp-content\/uploads\/2026\/05\/DSCF4899-1024x1536.jpg 1024w, https:\/\/pilarvallmitjana.com\/wp-content\/uploads\/2026\/05\/DSCF4899-1365x2048.jpg 1365w, https:\/\/pilarvallmitjana.com\/wp-content\/uploads\/2026\/05\/DSCF4899-1320x1980.jpg 1320w\" sizes=\"auto, (max-width: 1707px) 100vw, 1707px\" \/><\/figure>\n\n\n\n<p class=\"has-text-align-left has-text-color has-link-color has-montserrat-font-family wp-elements-67 wp-block-paragraph\" style=\"color:#bcbab0;font-size:0.82rem;font-style:normal;font-weight:300;line-height:1.8\">Identifiquem els patrons heretats i l&#8217;estr\u00e8s cel\u00b7lular per reprogramar la nostra resposta davant la vida. L&#8217;epigen\u00e8tica ens d\u00f3na el perm\u00eds biol\u00f2gic per canviar el nostre dest\u00ed.<\/p>\n<\/div>\n<\/div>\n\n\n\n<hr class=\"wp-block-separator has-text-color has-alpha-channel-opacity has-background is-style-wide is-style-wide--5\" style=\"background-color:#0f0f1a1a;color:#0f0f1a1a\"\/>\n\n\n\n<div class=\"wp-block-columns alignwide is-layout-flex wp-container-core-columns-is-layout-14dc1b83 wp-block-columns-is-layout-flex\" style=\"padding-top:var(--wp--preset--spacing--50);padding-bottom:var(--wp--preset--spacing--50)\">\n<div class=\"wp-block-column is-layout-flow wp-block-column-is-layout-flow\" style=\"flex-basis:80px\">\n<p class=\"has-text-color has-link-color wp-elements-68 wp-block-paragraph\" style=\"color:#8a6820;font-size:clamp(2.418rem, 2.418rem + ((1vw - 0.2rem) * 3.266), 4.5rem);font-style:italic;font-weight:300;line-height:1\"><p class=\"has-text-color has-link-color has-cormorant-garamond-font-family\" style=\"color: rgba(138, 104, 32, 0.22); font-size: 4.5rem; font-style: italic; font-weight: 300; line-height: 1\">\n        03\n      <\/p><\/p>\n<\/div>\n\n\n\n<div class=\"wp-block-column is-layout-flow wp-block-column-is-layout-flow\">\n<p class=\"has-text-color has-link-color has-montserrat-font-family wp-elements-69 wp-block-paragraph\" style=\"color:#8a6820;font-size:0.58rem;font-style:normal;font-weight:600;letter-spacing:0.4em\">\n        PLASTICITAT I ACOMPANYAMENT\n      <\/p>\n\n\n\n<h3 class=\"wp-block-heading has-text-align-center has-text-color has-link-color has-cormorant-garamond-font-family wp-elements-70\" style=\"color:#0f0f1a;font-size:clamp(1.25rem, 1.25rem + ((1vw - 0.2rem) * 1.176), 2rem);font-style:italic;font-weight:300\">\n        Epigen\u00e8tica\n      <\/h3>\n\n\n\n<p class=\"has-text-align-left has-text-color has-link-color has-montserrat-font-family wp-elements-71 wp-block-paragraph\" style=\"color:#2a2820;font-size:clamp(0.875rem, 0.875rem + ((1vw - 0.2rem) * 0.008), 0.88rem);font-style:normal;font-weight:300;line-height:1.95\">\n        No som esclaus dels nostres gens. Com demostra l&#8217;epigen\u00e8tica, el nostre entorn, les nostres emocions i la nostra percepci\u00f3 del m\u00f3n poden\n        \u00abencendre\u00bb o \u00abapagar\u00bb determinats marcadors gen\u00e8tics. Treballem per identificar els patrons heretats i l&#8217;estr\u00e8s cel\u00b7lular per reprogramar la\n        nostra resposta davant la vida.\n      <\/p>\n<\/div>\n\n\n\n<div class=\"wp-block-column is-vertically-aligned-center has-text-color has-background has-link-color wp-elements-72 is-layout-flow wp-block-column-is-layout-flow\" style=\"color:#bcbab0;background-color:#1a1a2a;padding-top:var(--wp--preset--spacing--40);padding-right:var(--wp--preset--spacing--40);padding-bottom:var(--wp--preset--spacing--40);padding-left:var(--wp--preset--spacing--40);flex-basis:300px\">\n<h4 class=\"wp-block-heading has-text-align-center has-text-color has-link-color has-cormorant-garamond-font-family wp-elements-73\" style=\"color:#e8c060;font-size:clamp(0.875rem, 0.875rem + ((1vw - 0.2rem) * 0.118), 0.95rem);font-style:italic;font-weight:400\">\n        L&#8217;alqu\u00edmia de la transformaci\u00f3\n      <\/h4>\n\n\n\n<figure class=\"wp-block-image size-large is-resized\"><img loading=\"lazy\" decoding=\"async\" width=\"1024\" height=\"683\" src=\"https:\/\/pilarvallmitjana.com\/wp-content\/uploads\/2026\/07\/147210-1-1024x683.jpg\" alt=\"\" class=\"wp-image-406\" style=\"aspect-ratio:1.4993372584075706;width:694px;height:auto\" srcset=\"https:\/\/pilarvallmitjana.com\/wp-content\/uploads\/2026\/07\/147210-1-1024x683.jpg 1024w, https:\/\/pilarvallmitjana.com\/wp-content\/uploads\/2026\/07\/147210-1-300x200.jpg 300w, https:\/\/pilarvallmitjana.com\/wp-content\/uploads\/2026\/07\/147210-1-768x512.jpg 768w, https:\/\/pilarvallmitjana.com\/wp-content\/uploads\/2026\/07\/147210-1-1536x1025.jpg 1536w, https:\/\/pilarvallmitjana.com\/wp-content\/uploads\/2026\/07\/147210-1-1320x881.jpg 1320w, https:\/\/pilarvallmitjana.com\/wp-content\/uploads\/2026\/07\/147210-1.jpg 1578w\" sizes=\"auto, (max-width: 1024px) 100vw, 1024px\" \/><\/figure>\n\n\n\n<p class=\"has-text-color has-link-color has-montserrat-font-family wp-elements-74 wp-block-paragraph\" style=\"color:#bcbab0;font-size:0.82rem;font-style:normal;font-weight:300;line-height:1.8\">\n        Transformar la biologia de la superviv\u00e8ncia en una biologia de la creaci\u00f3 i la llibertat. El teu sistema nervi\u00f3s apr\u00e8n, finalment, a\n        descansar.\n      <\/p>\n<\/div>\n<\/div>\n\n\n\n<hr class=\"wp-block-separator has-text-color has-alpha-channel-opacity has-background is-style-wide is-style-wide--6\" style=\"background-color:#0f0f1a1a;color:#0f0f1a1a\"\/>\n\n\n\n<blockquote class=\"wp-block-quote has-text-color has-link-color wp-elements-75 has-global-padding is-layout-constrained wp-container-core-quote-is-layout-228c8813 wp-block-quote-is-layout-constrained\" style=\"color:#00000000;padding-top:var(--wp--preset--spacing--50);padding-bottom:var(--wp--preset--spacing--50)\">\n<p class=\"has-text-align-center has-text-color has-link-color has-cormorant-garamond-font-family wp-elements-76 wp-block-paragraph\" style=\"color:#0f0f1a;font-size:clamp(1.146rem, 1.146rem + ((1vw - 0.2rem) * 1.026), 1.8rem);font-style:italic;font-weight:300;line-height:1.5\">\n      \u00abNo soc aqu\u00ed per llegir-te el futur, sin\u00f3 per ajudar-te a reparar el teu passat i reclamar el teu present.\u00bb\n    <\/p>\n<cite><p class=\"has-text-align-center has-montserrat-font-family\" style=\"color: #8a6820; font-size: 0.58rem; font-style: normal; font-weight: 600; letter-spacing: 0.4em; text-transform: uppercase\">\n        \u2014 Pilar Vallmitjana\n      <\/p><\/cite><\/blockquote>\n<\/section>\n\n\n\n<section class=\"wp-block-group alignfull pv-menu-anchor has-text-color has-background has-link-color wp-elements-77 has-global-padding is-layout-constrained wp-container-core-group-is-layout-d51aee20 wp-block-group-is-layout-constrained\" id=\"serveis\" style=\"color:#bcbab0;background-color:#131320;margin-top:0;margin-bottom:0;padding-top:var(--wp--preset--spacing--70);padding-right:var(--wp--preset--spacing--50);padding-bottom:var(--wp--preset--spacing--70);padding-left:var(--wp--preset--spacing--50)\">\n<p class=\"has-text-align-center has-text-color has-link-color has-montserrat-font-family has-medium-font-size wp-elements-78 wp-block-paragraph\" style=\"color:#d4a84b;font-style:normal;font-weight:400;letter-spacing:5px\">\n    \u2014 SERVEIS \u2014\n  <\/p>\n\n\n\n<h2 class=\"wp-block-heading has-text-align-center has-text-color has-link-color has-cormorant-garamond-font-family wp-elements-79\" style=\"color:#f0ece4;font-size:clamp(2.2rem, 2.2rem + ((1vw - 0.2rem) * 2.824), 4rem);font-style:italic;font-weight:300;line-height:1.1\">\n    El teu cam\u00ed de transformaci\u00f3\n  <\/h2>\n\n\n\n<div class=\"wp-block-group has-global-padding is-layout-constrained wp-container-core-group-is-layout-f8ed9c8f wp-block-group-is-layout-constrained\" style=\"margin-top:var(--wp--preset--spacing--50);margin-bottom:var(--wp--preset--spacing--50);padding-right:var(--wp--preset--spacing--50);padding-left:var(--wp--preset--spacing--50)\">\n<p class=\"has-text-align-center has-text-color has-link-color has-montserrat-font-family wp-elements-80 wp-block-paragraph\" style=\"color:#bcbab0;font-size:clamp(0.875rem, 0.875rem + ((1vw - 0.2rem) * 0.071), 0.92rem);font-style:normal;font-weight:300;line-height:1.95\">\n      Per adaptar-me al que tu necessites, he dissenyat tres camins segons el moment vital on et trobis. Un santuari de neuroreparaci\u00f3 arquetipal on\n      el s\u00edmbol astrol\u00f2gic s&#8217;utilitza com una eina cl\u00ednica per calmar el teu sistema nervi\u00f3s.\n    <\/p>\n<\/div>\n\n\n\n<hr class=\"wp-block-separator has-text-color has-alpha-channel-opacity has-background is-style-wide is-style-wide--7\" style=\"background-color:#d4a84b1a;color:#d4a84b1a\"\/>\n\n\n\n<div class=\"wp-block-columns alignwide is-layout-flex wp-container-core-columns-is-layout-d05974cd wp-block-columns-is-layout-flex\" style=\"padding-top:var(--wp--preset--spacing--50);padding-bottom:var(--wp--preset--spacing--50)\">\n<div class=\"wp-block-column is-layout-flow wp-block-column-is-layout-flow\">\n<p class=\"has-text-color has-link-color has-montserrat-font-family wp-elements-81 wp-block-paragraph\" style=\"color:#d4a84b;font-size:0.58rem;font-style:normal;font-weight:600;letter-spacing:0.4em\">\n        SESSI\u00d3 DE DIAGN\u00d2STIC\n      <\/p>\n\n\n\n<h3 class=\"wp-block-heading has-cormorant-garamond-font-family has-text-color has-link-color wp-elements-82\" style=\"color:#f0ece4;font-size:clamp(1.25rem, 1.25rem + ((1vw - 0.2rem) * 1.176), 2rem);font-style:italic;font-weight:300;line-height:1.2\">\n        El Despertar de l&#8217;Alquimista\n      <\/h3>\n\n\n\n<p class=\"has-text-color has-link-color has-montserrat-font-family wp-elements-83 wp-block-paragraph\" style=\"color:#bcbab0;font-size:clamp(0.875rem, 0.875rem + ((1vw - 0.2rem) * 0.008), 0.88rem);font-style:normal;font-weight:300;line-height:1.85\">\n        Una immersi\u00f3 profunda en la teva Carta Natal per identificar els teus principals arquetips i bloquejos epigen\u00e8tics.\n      <\/p>\n\n\n\n<p class=\"has-text-color has-link-color has-montserrat-font-family wp-elements-84 wp-block-paragraph\" style=\"color:#8a6820;font-size:0.78rem;font-style:normal;font-weight:400\">\n        \u2014 1 sessi\u00f3 d&#8217;1,5h + Informe detallat amb les teves claus de poder\n      <\/p>\n<\/div>\n\n\n\n<div class=\"wp-block-column is-layout-flow wp-block-column-is-layout-flow\" style=\"padding-left:var(--wp--preset--spacing--50);flex-basis:200px\">\n<p class=\"has-text-align-right has-text-color has-link-color has-cormorant-garamond-font-family wp-elements-85 wp-block-paragraph\" style=\"color:#e8c060;font-size:clamp(1.648rem, 1.648rem + ((1vw - 0.2rem) * 1.807), 2.8rem);font-style:italic;font-weight:300;line-height:1\">\n        160 \u20ac\n      <\/p>\n\n\n\n<figure class=\"wp-block-image size-large\"><img loading=\"lazy\" decoding=\"async\" width=\"1024\" height=\"682\" src=\"https:\/\/pilarvallmitjana.com\/wp-content\/uploads\/2026\/07\/147204-1024x682.jpg\" alt=\"\" class=\"wp-image-407\" srcset=\"https:\/\/pilarvallmitjana.com\/wp-content\/uploads\/2026\/07\/147204-1024x682.jpg 1024w, https:\/\/pilarvallmitjana.com\/wp-content\/uploads\/2026\/07\/147204-300x200.jpg 300w, https:\/\/pilarvallmitjana.com\/wp-content\/uploads\/2026\/07\/147204-768x512.jpg 768w, https:\/\/pilarvallmitjana.com\/wp-content\/uploads\/2026\/07\/147204-1536x1023.jpg 1536w, https:\/\/pilarvallmitjana.com\/wp-content\/uploads\/2026\/07\/147204-1320x879.jpg 1320w, https:\/\/pilarvallmitjana.com\/wp-content\/uploads\/2026\/07\/147204.jpg 1600w\" sizes=\"auto, (max-width: 1024px) 100vw, 1024px\" \/><\/figure>\n\n\n\n<p class=\"has-text-align-right has-text-color has-montserrat-font-family wp-block-paragraph\" style=\"color:#7a7870;font-size:0.82rem;font-style:normal;font-weight:300\">\n        sessi\u00f3\n      <\/p>\n\n\n<\/div>\n<\/div>\n\n\n\n<hr class=\"wp-block-separator has-text-color has-alpha-channel-opacity has-background is-style-wide is-style-wide--8\" style=\"background-color:#d4a84b1a;color:#d4a84b1a\"\/>\n\n\n\n<div class=\"wp-block-columns alignwide is-layout-flex wp-container-core-columns-is-layout-d05974cd wp-block-columns-is-layout-flex\" style=\"padding-top:var(--wp--preset--spacing--50);padding-bottom:var(--wp--preset--spacing--50)\">\n<div class=\"wp-block-column is-layout-flow wp-block-column-is-layout-flow\">\n<p class=\"has-text-color has-link-color has-montserrat-font-family wp-elements-86 wp-block-paragraph\" style=\"color:#d4a84b;font-size:0.58rem;font-style:normal;font-weight:600;letter-spacing:0.4em\">\n        PROC\u00c9S D&#8217;APROFUNDIMENT\n      <\/p>\n\n\n\n<h3 class=\"wp-block-heading has-cormorant-garamond-font-family has-text-color has-link-color wp-elements-87\" style=\"color:#f0ece4;font-size:clamp(1.25rem, 1.25rem + ((1vw - 0.2rem) * 1.176), 2rem);font-style:italic;font-weight:300;line-height:1.2\">\n        El teu mapa relacional: Full de Ruta\n      <\/h3>\n\n\n\n<p class=\"has-text-color has-link-color has-montserrat-font-family wp-elements-88 wp-block-paragraph\" style=\"color:#bcbab0;font-size:clamp(0.875rem, 0.875rem + ((1vw - 0.2rem) * 0.008), 0.88rem);font-style:normal;font-weight:300;line-height:1.85\">\n        No nom\u00e9s llegim el mapa, sin\u00f3 que tracem el cam\u00ed. Treballem les teves funcions psicol\u00f2giques (Lluna, Sol, Mart, Venus) i com integrar la teva\n        ombra.\n      <\/p>\n\n\n\n<p class=\"has-text-color has-link-color has-montserrat-font-family wp-elements-89 wp-block-paragraph\" style=\"color:#8a6820;font-size:0.78rem;font-style:normal;font-weight:400\">\n        \u2014 3 sessions (1,5h + 1h + 1h) per consolidar els canvis\n      <\/p>\n<\/div>\n\n\n\n<div class=\"wp-block-column is-layout-flow wp-block-column-is-layout-flow\" style=\"padding-left:var(--wp--preset--spacing--50);flex-basis:200px\">\n<p class=\"has-text-align-right has-text-color has-link-color has-cormorant-garamond-font-family wp-elements-90 wp-block-paragraph\" style=\"color:#e8c060;font-size:clamp(1.648rem, 1.648rem + ((1vw - 0.2rem) * 1.807), 2.8rem);font-style:italic;font-weight:300;line-height:1\">\n        260 \u20ac\n      <\/p>\n\n\n\n<figure class=\"wp-block-image size-large\"><img loading=\"lazy\" decoding=\"async\" width=\"1024\" height=\"683\" src=\"https:\/\/pilarvallmitjana.com\/wp-content\/uploads\/2026\/05\/DSCF4889-1024x683.jpg\" alt=\"\" class=\"wp-image-248\" srcset=\"https:\/\/pilarvallmitjana.com\/wp-content\/uploads\/2026\/05\/DSCF4889-1024x683.jpg 1024w, https:\/\/pilarvallmitjana.com\/wp-content\/uploads\/2026\/05\/DSCF4889-300x200.jpg 300w, https:\/\/pilarvallmitjana.com\/wp-content\/uploads\/2026\/05\/DSCF4889-768x512.jpg 768w, https:\/\/pilarvallmitjana.com\/wp-content\/uploads\/2026\/05\/DSCF4889-1536x1024.jpg 1536w, https:\/\/pilarvallmitjana.com\/wp-content\/uploads\/2026\/05\/DSCF4889-2048x1365.jpg 2048w, https:\/\/pilarvallmitjana.com\/wp-content\/uploads\/2026\/05\/DSCF4889-1320x880.jpg 1320w\" sizes=\"auto, (max-width: 1024px) 100vw, 1024px\" \/><\/figure>\n\n\n\n<p class=\"has-text-align-right has-text-color has-montserrat-font-family wp-block-paragraph\" style=\"color:#7a7870;font-size:0.82rem;font-style:normal;font-weight:300\">\n        proc\u00e9s\n      <\/p>\n\n\n\n<div class=\"wp-block-buttons is-content-justification-right is-layout-flex wp-container-core-buttons-is-layout-0e28dbe1 wp-block-buttons-is-layout-flex\"><\/div>\n<\/div>\n<\/div>\n\n\n\n<hr class=\"wp-block-separator has-text-color has-alpha-channel-opacity has-background is-style-wide is-style-wide--9\" style=\"background-color:#d4a84b1a;color:#d4a84b1a\"\/>\n\n\n\n<div class=\"wp-block-columns alignwide is-layout-flex wp-container-core-columns-is-layout-d05974cd wp-block-columns-is-layout-flex\" style=\"padding-top:var(--wp--preset--spacing--50);padding-bottom:var(--wp--preset--spacing--50)\">\n<div class=\"wp-block-column is-layout-flow wp-block-column-is-layout-flow\">\n<p class=\"has-text-color has-link-color has-montserrat-font-family wp-elements-91 wp-block-paragraph\" style=\"color:#d4a84b;font-size:0.58rem;font-style:normal;font-weight:600;letter-spacing:0.4em\">\n        ACOMPANYAMENT TERAP\u00c8UTIC\n      <\/p>\n\n\n\n<h3 class=\"wp-block-heading has-cormorant-garamond-font-family has-text-color has-link-color wp-elements-92\" style=\"color:#f0ece4;font-size:clamp(1.25rem, 1.25rem + ((1vw - 0.2rem) * 1.176), 2rem);font-style:italic;font-weight:300;line-height:1.2\">\n        La Br\u00faixola interna: El Temple de la Sanaci\u00f3\n      <\/h3>\n\n\n\n<p class=\"has-text-color has-link-color has-montserrat-font-family wp-elements-93 wp-block-paragraph\" style=\"color:#bcbab0;font-size:clamp(0.875rem, 0.875rem + ((1vw - 0.2rem) * 0.008), 0.88rem);font-style:normal;font-weight:300;line-height:1.85\">\n        Un proc\u00e9s complet de Psicosom\u00e0tica Neuroreparadora. Ideal si vols sanar patrons hereditaris, bloquejos emocionals o s\u00edmptomes f\u00edsics des de\n        l&#8217;arrel (Tikkun).\n      <\/p>\n\n\n\n<p class=\"has-text-color has-link-color has-montserrat-font-family wp-elements-94 wp-block-paragraph\" style=\"color:#8a6820;font-size:0.78rem;font-style:normal;font-weight:400\">\n        \u2014 9 sessions d&#8217;acompanyament continuat per transformar la teva biologia i la teva vida\n      <\/p>\n<\/div>\n\n\n\n<div class=\"wp-block-column is-layout-flow wp-block-column-is-layout-flow\" style=\"padding-left:var(--wp--preset--spacing--50);flex-basis:200px\">\n<p class=\"has-text-align-right has-text-color has-link-color has-cormorant-garamond-font-family wp-elements-95 wp-block-paragraph\" style=\"color:#e8c060;font-size:clamp(1.648rem, 1.648rem + ((1vw - 0.2rem) * 1.807), 2.8rem);font-style:italic;font-weight:300;line-height:1\">\n        499 \u20ac\n      <\/p>\n\n\n\n<figure class=\"wp-block-image size-large\"><img loading=\"lazy\" decoding=\"async\" width=\"1024\" height=\"683\" src=\"https:\/\/pilarvallmitjana.com\/wp-content\/uploads\/2026\/05\/DSCF4977-1024x683.jpg\" alt=\"\" class=\"wp-image-322\" srcset=\"https:\/\/pilarvallmitjana.com\/wp-content\/uploads\/2026\/05\/DSCF4977-1024x683.jpg 1024w, https:\/\/pilarvallmitjana.com\/wp-content\/uploads\/2026\/05\/DSCF4977-300x200.jpg 300w, https:\/\/pilarvallmitjana.com\/wp-content\/uploads\/2026\/05\/DSCF4977-768x512.jpg 768w, https:\/\/pilarvallmitjana.com\/wp-content\/uploads\/2026\/05\/DSCF4977-1536x1024.jpg 1536w, https:\/\/pilarvallmitjana.com\/wp-content\/uploads\/2026\/05\/DSCF4977-2048x1365.jpg 2048w, https:\/\/pilarvallmitjana.com\/wp-content\/uploads\/2026\/05\/DSCF4977-1320x880.jpg 1320w\" sizes=\"auto, (max-width: 1024px) 100vw, 1024px\" \/><\/figure>\n\n\n\n<p class=\"has-text-align-right has-text-color has-montserrat-font-family wp-block-paragraph\" style=\"color:#7a7870;font-size:0.82rem;font-style:normal;font-weight:300\">\n        estalvies +100\u20ac\n      <\/p>\n\n\n\n<div class=\"wp-block-buttons is-content-justification-right is-layout-flex wp-container-core-buttons-is-layout-0e28dbe1 wp-block-buttons-is-layout-flex\"><\/div>\n<\/div>\n<\/div>\n\n\n\n<hr class=\"wp-block-separator has-text-color has-alpha-channel-opacity has-background is-style-wide is-style-wide--10\" style=\"background-color:#d4a84b1a;color:#d4a84b1a\"\/>\n\n\n\n<div class=\"wp-block-columns alignwide is-layout-flex wp-container-core-columns-is-layout-0a6c243a wp-block-columns-is-layout-flex\" style=\"padding-top:0;padding-bottom:0\">\n<div class=\"wp-block-column is-layout-flow wp-block-column-is-layout-flow\">\n<p class=\"has-text-color has-link-color has-cormorant-garamond-font-family wp-elements-96 wp-block-paragraph\" style=\"color:#e8c060;font-size:clamp(0.875rem, 0.875rem + ((1vw - 0.2rem) * 0.667), 1.3rem);font-style:italic;font-weight:300\">\n        Cat\u00e0leg d&#8217;Astroalqu\u00edmia\n      <\/p>\n\n\n\n<figure class=\"wp-block-image aligncenter size-full is-resized\"><img loading=\"lazy\" decoding=\"async\" width=\"1024\" height=\"540\" src=\"https:\/\/pilarvallmitjana.com\/wp-content\/uploads\/2026\/03\/buddha-elemental-3d-GmC_Str9wD4-unsplash-1024x540-1.jpg\" alt=\"\" class=\"wp-image-10\" style=\"width:724px;height:auto\" srcset=\"https:\/\/pilarvallmitjana.com\/wp-content\/uploads\/2026\/03\/buddha-elemental-3d-GmC_Str9wD4-unsplash-1024x540-1.jpg 1024w, https:\/\/pilarvallmitjana.com\/wp-content\/uploads\/2026\/03\/buddha-elemental-3d-GmC_Str9wD4-unsplash-1024x540-1-300x158.jpg 300w, https:\/\/pilarvallmitjana.com\/wp-content\/uploads\/2026\/03\/buddha-elemental-3d-GmC_Str9wD4-unsplash-1024x540-1-768x405.jpg 768w\" sizes=\"auto, (max-width: 1024px) 100vw, 1024px\" \/><\/figure>\n<\/div>\n<\/div>\n\n\n\n<div class=\"wp-block-columns alignwide has-d-4-a-84-b-0-f-background-color has-background is-layout-flex wp-container-core-columns-is-layout-303a6ff6 wp-block-columns-is-layout-flex\" style=\"margin-top:0;margin-bottom:0\">\n<div class=\"wp-block-column has-background is-layout-flow wp-block-column-is-layout-flow\" style=\"background-color:#131320;padding-top:var(--wp--preset--spacing--50);padding-right:var(--wp--preset--spacing--50);padding-bottom:var(--wp--preset--spacing--50);padding-left:var(--wp--preset--spacing--50)\">\n<div class=\"wp-block-group has-global-padding is-content-justification-left is-layout-constrained wp-container-core-group-is-layout-2155bf6b wp-block-group-is-layout-constrained\" style=\"margin-bottom:0;padding-right:0;padding-left:0\">\n<p class=\"is-style-default has-text-color has-background has-link-color wp-elements-97 wp-block-paragraph\" style=\"border-top-style:none;border-top-width:0px;border-right-style:none;border-right-width:0px;border-bottom-color:#d4a84a70;border-bottom-width:1px;border-left-style:none;border-left-width:0px;color:#d4a84b;background-color:#00000000;padding-top:4px;padding-right:0px;padding-bottom:4px;padding-left:0px;font-size:0.56rem;font-style:normal;font-weight:600;letter-spacing:0.35em\">\n          LECTURA DRAC\u00d2NICA\n        <\/p>\n<\/div>\n\n\n\n<h4 class=\"wp-block-heading has-text-align-center has-text-color has-link-color has-cormorant-garamond-font-family wp-elements-98\" style=\"color:#f0ece4;font-size:clamp(0.875rem, 0.875rem + ((1vw - 0.2rem) * 0.667), 1.3rem);font-style:italic;font-weight:300;line-height:1.3\">\n        \u00abL&#8217;Alqu\u00edmia de l&#8217;\u00c0nima\u00bb\n      <\/h4>\n\n\n\n<p class=\"has-text-color has-link-color has-montserrat-font-family wp-elements-99 wp-block-paragraph\" style=\"color:#7a7870;font-size:0.83rem;font-style:normal;font-weight:300;line-height:1.8\">\n        El m\u00e8tode aplicat a la carta drac\u00f2nica per connectar amb la mem\u00f2ria de l&#8217;\u00e0nima i el prop\u00f2sit inconscient. Ideal per a persones en un punt\n        d&#8217;inflexi\u00f3 vital.\n      <\/p>\n\n\n\n<figure class=\"wp-block-image size-large is-resized\"><img loading=\"lazy\" decoding=\"async\" width=\"796\" height=\"1024\" src=\"https:\/\/pilarvallmitjana.com\/wp-content\/uploads\/2026\/03\/artspark-ai-generated-8506441_1920-21-796x1024.jpg\" alt=\"\" class=\"wp-image-14\" style=\"aspect-ratio:0.7773440549613553;width:260px;height:auto\" srcset=\"https:\/\/pilarvallmitjana.com\/wp-content\/uploads\/2026\/03\/artspark-ai-generated-8506441_1920-21-796x1024.jpg 796w, https:\/\/pilarvallmitjana.com\/wp-content\/uploads\/2026\/03\/artspark-ai-generated-8506441_1920-21-233x300.jpg 233w, https:\/\/pilarvallmitjana.com\/wp-content\/uploads\/2026\/03\/artspark-ai-generated-8506441_1920-21-768x988.jpg 768w, https:\/\/pilarvallmitjana.com\/wp-content\/uploads\/2026\/03\/artspark-ai-generated-8506441_1920-21-1194x1536.jpg 1194w, https:\/\/pilarvallmitjana.com\/wp-content\/uploads\/2026\/03\/artspark-ai-generated-8506441_1920-21-1320x1698.jpg 1320w, https:\/\/pilarvallmitjana.com\/wp-content\/uploads\/2026\/03\/artspark-ai-generated-8506441_1920-21.jpg 1493w\" sizes=\"auto, (max-width: 796px) 100vw, 796px\" \/><\/figure>\n<\/div>\n\n\n\n<div class=\"wp-block-column has-background is-layout-flow wp-block-column-is-layout-flow\" style=\"background-color:#131320;padding-top:var(--wp--preset--spacing--50);padding-right:var(--wp--preset--spacing--50);padding-bottom:var(--wp--preset--spacing--50);padding-left:var(--wp--preset--spacing--50)\">\n<div class=\"wp-block-group has-global-padding is-layout-constrained wp-block-group-is-layout-constrained\" style=\"margin-bottom:var(--wp--preset--spacing--30)\">\n<p class=\"is-style-default has-text-color has-background has-link-color wp-elements-100 wp-block-paragraph\" style=\"border-top-style:none;border-top-width:0px;border-right-style:none;border-right-width:0px;border-bottom-color:#d4a84a70;border-bottom-width:1px;border-left-style:none;border-left-width:0px;color:#d4a84b;background-color:#00000000;padding-top:4px;padding-right:0px;padding-bottom:4px;padding-left:0px;font-size:0.56rem;font-style:normal;font-weight:600;letter-spacing:0.35em\">\n          REVOLUCI\u00d3 SOLAR\n        <\/p>\n<\/div>\n\n\n\n<h4 class=\"wp-block-heading has-text-align-center has-text-color has-link-color has-cormorant-garamond-font-family wp-elements-101\" style=\"color:#f0ece4;font-size:clamp(0.875rem, 0.875rem + ((1vw - 0.2rem) * 0.667), 1.3rem);font-style:italic;font-weight:300;line-height:1.3\">\n        \u00abEl Rellotge i el Clima de l&#8217;Any\u00bb\n      <\/h4>\n\n\n\n<p class=\"has-text-color has-link-color has-montserrat-font-family wp-elements-102 wp-block-paragraph\" style=\"color:#7a7870;font-size:0.83rem;font-style:normal;font-weight:300;line-height:1.8\">\n        La teva guia anual personalitzada. On posar l&#8217;energia, els aprenentatges clau i com gestionar els tr\u00e0nsits sobre la teva estructura personal.\n      <\/p>\n\n\n\n<figure class=\"wp-block-image size-large is-resized\"><img loading=\"lazy\" decoding=\"async\" width=\"1024\" height=\"686\" src=\"https:\/\/pilarvallmitjana.com\/wp-content\/uploads\/2026\/03\/wikiimages-lagoon-nebula-11143_1280-1024x686.jpg\" alt=\"\" class=\"wp-image-12\" style=\"aspect-ratio:1.4928035982008996;width:299px;height:auto\" srcset=\"https:\/\/pilarvallmitjana.com\/wp-content\/uploads\/2026\/03\/wikiimages-lagoon-nebula-11143_1280-1024x686.jpg 1024w, https:\/\/pilarvallmitjana.com\/wp-content\/uploads\/2026\/03\/wikiimages-lagoon-nebula-11143_1280-300x201.jpg 300w, https:\/\/pilarvallmitjana.com\/wp-content\/uploads\/2026\/03\/wikiimages-lagoon-nebula-11143_1280-768x514.jpg 768w, https:\/\/pilarvallmitjana.com\/wp-content\/uploads\/2026\/03\/wikiimages-lagoon-nebula-11143_1280.jpg 1280w\" sizes=\"auto, (max-width: 1024px) 100vw, 1024px\" \/><\/figure>\n<\/div>\n\n\n\n<div class=\"wp-block-column has-background is-layout-flow wp-block-column-is-layout-flow\" style=\"background-color:#131320;padding-top:var(--wp--preset--spacing--50);padding-right:var(--wp--preset--spacing--50);padding-bottom:var(--wp--preset--spacing--50);padding-left:var(--wp--preset--spacing--50)\">\n<div class=\"wp-block-group has-global-padding is-layout-constrained wp-block-group-is-layout-constrained\" style=\"margin-bottom:var(--wp--preset--spacing--30)\">\n<p class=\"is-style-default has-text-color has-background has-link-color wp-elements-103 wp-block-paragraph\" style=\"border-top-style:none;border-top-width:0px;border-right-style:none;border-right-width:0px;border-bottom-color:#d4a84a70;border-bottom-width:1px;border-left-style:none;border-left-width:0px;color:#d4a84b;background-color:#00000000;padding-top:4px;padding-right:0px;padding-bottom:4px;padding-left:0px;font-size:0.56rem;font-style:normal;font-weight:600;letter-spacing:0.35em\">REVOLUCI\u00d3 DE VENUS I MART<\/p>\n<\/div>\n\n\n\n<h4 class=\"wp-block-heading has-text-align-center has-text-color has-link-color has-cormorant-garamond-font-family wp-elements-104\" style=\"color:#f0ece4;font-size:clamp(0.875rem, 0.875rem + ((1vw - 0.2rem) * 0.667), 1.3rem);font-style:italic;font-weight:300;line-height:1.3\">\u00abLa dansa de la materialitzaci\u00f3\u00bb<\/h4>\n\n\n\n<p class=\"has-text-color has-link-color has-montserrat-font-family wp-elements-105 wp-block-paragraph\" style=\"color:#7a7870;font-size:0.83rem;font-style:normal;font-weight:300;line-height:1.8\">Venus  son els teus dons disponibles , el camp f\u00e8rtil del teu paisatge intern. Mart \u00e9s l&#8217;acci\u00f3 pura. El moviment que permet materialitzar tot all\u00f2 que estava latent en pot\u00e8ncia. Exclusiu del m\u00e8tode Vincular.<\/p>\n\n\n\n<figure class=\"wp-block-image size-full is-resized\"><img loading=\"lazy\" decoding=\"async\" width=\"640\" height=\"320\" src=\"https:\/\/pilarvallmitjana.com\/wp-content\/uploads\/2026\/03\/wikiimages-venus-11587_640.jpg\" alt=\"\" class=\"wp-image-11\" style=\"width:360px;height:auto\" srcset=\"https:\/\/pilarvallmitjana.com\/wp-content\/uploads\/2026\/03\/wikiimages-venus-11587_640.jpg 640w, https:\/\/pilarvallmitjana.com\/wp-content\/uploads\/2026\/03\/wikiimages-venus-11587_640-300x150.jpg 300w\" sizes=\"auto, (max-width: 640px) 100vw, 640px\" \/><\/figure>\n<\/div>\n<\/div>\n\n\n\n<div class=\"wp-block-columns alignwide has-d-4-a-84-b-0-f-background-color has-background is-layout-flex wp-container-core-columns-is-layout-303a6ff6 wp-block-columns-is-layout-flex\" style=\"margin-top:0;margin-bottom:0\">\n<div class=\"wp-block-column has-background is-layout-flow wp-block-column-is-layout-flow\" style=\"background-color:#131320;padding-top:var(--wp--preset--spacing--50);padding-right:var(--wp--preset--spacing--50);padding-bottom:var(--wp--preset--spacing--50);padding-left:var(--wp--preset--spacing--50)\">\n<div class=\"wp-block-group has-global-padding is-layout-constrained wp-block-group-is-layout-constrained\" style=\"margin-bottom:var(--wp--preset--spacing--30)\">\n<p class=\"is-style-default has-text-color has-background has-link-color wp-elements-106 wp-block-paragraph\" style=\"border-top-style:none;border-top-width:0px;border-right-style:none;border-right-width:0px;border-bottom-color:#d4a84a70;border-bottom-width:1px;border-left-style:none;border-left-width:0px;color:#d4a84b;background-color:#00000000;padding-top:4px;padding-right:0px;padding-bottom:4px;padding-left:0px;font-size:0.56rem;font-style:normal;font-weight:600;letter-spacing:0.35em\">INTEGRA LA MUSA<\/p>\n<\/div>\n\n\n\n<h4 class=\"wp-block-heading has-text-align-center has-text-color has-link-color has-cormorant-garamond-font-family wp-elements-107\" style=\"color:#f0ece4;font-size:clamp(0.875rem, 0.875rem + ((1vw - 0.2rem) * 0.667), 1.3rem);font-style:italic;font-weight:300;line-height:1.3\">\u00abDesperta els teus dons\u00bb<\/h4>\n\n\n\n<p class=\"has-text-color has-link-color has-montserrat-font-family wp-elements-108 wp-block-paragraph\" style=\"color:#7a7870;font-size:0.83rem;font-style:normal;font-weight:300;line-height:1.8\">Coneix en profunditat la teva energia venusina. No nom\u00e9s de la venus  natal, sin\u00f3 tamb\u00e9 el teu ascendent venus\u00ed (Venus Star Point).  Identifica el teu p\u00e8tal a l&#8217;estrella de 5 puntes i tamb\u00e9  la fase principal en la fase en la que vas n\u00e8ixer  (Estel del mat\u00ed, Inframon, estel vespert\u00ed i Metam\u00f2rfica)per saber com  et llances a l prop\u00f2sit de la teva vida. Exclusiu del m\u00e8tode Vincular.<\/p>\n\n\n\n<figure class=\"wp-block-image aligncenter size-full is-resized\"><img loading=\"lazy\" decoding=\"async\" width=\"638\" height=\"582\" src=\"https:\/\/pilarvallmitjana.com\/wp-content\/uploads\/2026\/03\/Captura-de-pantalla-2025-04-28-133653.png\" alt=\"\" class=\"wp-image-13\" style=\"width:360px;height:auto\" srcset=\"https:\/\/pilarvallmitjana.com\/wp-content\/uploads\/2026\/03\/Captura-de-pantalla-2025-04-28-133653.png 638w, https:\/\/pilarvallmitjana.com\/wp-content\/uploads\/2026\/03\/Captura-de-pantalla-2025-04-28-133653-300x274.png 300w\" sizes=\"auto, (max-width: 638px) 100vw, 638px\" \/><\/figure>\n<\/div>\n<\/div>\n<\/section>\n\n\n\n<section class=\"wp-block-group alignfull pv-menu-anchor has-text-color has-background has-link-color wp-elements-109 has-global-padding is-layout-constrained wp-container-core-group-is-layout-d51aee20 wp-block-group-is-layout-constrained\" id=\"membresia\" style=\"color:#2a2820;background-color:#ede8dc;margin-top:0;margin-bottom:0;padding-top:var(--wp--preset--spacing--70);padding-right:var(--wp--preset--spacing--50);padding-bottom:var(--wp--preset--spacing--70);padding-left:var(--wp--preset--spacing--50)\">\n<p class=\"has-text-align-center has-text-color has-link-color has-montserrat-font-family has-medium-font-size wp-elements-110 wp-block-paragraph\" style=\"color:#8a6820;font-style:normal;font-weight:400;letter-spacing:5px\">\n    \u2014 MEMBRESIA \u2014\n  <\/p>\n\n\n\n<h2 class=\"wp-block-heading has-text-align-center has-text-color has-link-color has-cormorant-garamond-font-family wp-elements-111\" style=\"color:#0f0f1a;font-size:clamp(2.2rem, 2.2rem + ((1vw - 0.2rem) * 2.824), 4rem);font-style:italic;font-weight:300;line-height:1.1\">\n    Subscripci\u00f3 mensual\n  <\/h2>\n\n\n\n<div class=\"wp-block-group is-content-justification-center is-nowrap is-layout-flex wp-container-core-group-is-layout-c117c510 wp-block-group-is-layout-flex\" style=\"margin-bottom:var(--wp--preset--spacing--50)\">\n<p class=\"has-border-color has-text-color has-link-color wp-elements-112 wp-block-paragraph\" style=\"border-color:#8a6820;border-width:1px;color:#8a6820;padding-top:8px;padding-right:20px;padding-bottom:8px;padding-left:20px;font-size:0.58rem;font-style:normal;font-weight:600;letter-spacing:0.3em\">\n      \u2605 PREU EARLY BIRD \u2014 PLACES LIMITADES\n    <\/p>\n<\/div>\n\n\n\n<div class=\"wp-block-group has-global-padding is-layout-constrained wp-container-core-group-is-layout-594df5a5 wp-block-group-is-layout-constrained\" style=\"margin-bottom:var(--wp--preset--spacing--60);padding-right:var(--wp--preset--spacing--50);padding-left:var(--wp--preset--spacing--50)\">\n<p class=\"has-text-align-center has-text-color has-link-color has-montserrat-font-family wp-elements-113 wp-block-paragraph\" style=\"color:#2a2820;font-size:clamp(0.875rem, 0.875rem + ((1vw - 0.2rem) * 0.071), 0.92rem);font-style:normal;font-weight:300;line-height:1.9\">\n      El preu es mantindr\u00e0 per sempre premiant la confian\u00e7a i la permanen\u00e7a. Oferta per a les 5 primeres subscriptores o durant un temps limitat.\n    <\/p>\n<\/div>\n\n\n\n<figure class=\"wp-block-image aligncenter size-large is-resized\"><img loading=\"lazy\" decoding=\"async\" width=\"682\" height=\"1024\" src=\"https:\/\/pilarvallmitjana.com\/wp-content\/uploads\/2026\/07\/147206-682x1024.jpg\" alt=\"\" class=\"wp-image-408\" style=\"aspect-ratio:0.6660212971926428;width:431px;height:auto\" srcset=\"https:\/\/pilarvallmitjana.com\/wp-content\/uploads\/2026\/07\/147206-682x1024.jpg 682w, https:\/\/pilarvallmitjana.com\/wp-content\/uploads\/2026\/07\/147206-200x300.jpg 200w, https:\/\/pilarvallmitjana.com\/wp-content\/uploads\/2026\/07\/147206-768x1153.jpg 768w, https:\/\/pilarvallmitjana.com\/wp-content\/uploads\/2026\/07\/147206-1023x1536.jpg 1023w, https:\/\/pilarvallmitjana.com\/wp-content\/uploads\/2026\/07\/147206.jpg 1066w\" sizes=\"auto, (max-width: 682px) 100vw, 682px\" \/><\/figure>\n\n\n\n<div class=\"wp-block-columns alignwide is-layout-flex wp-container-core-columns-is-layout-5b9cbc20 wp-block-columns-is-layout-flex\">\n<div class=\"wp-block-column is-layout-flow wp-block-column-is-layout-flow\">\n<div class=\"wp-block-group has-background is-layout-flow wp-block-group-is-layout-flow\" style=\"background-color:#1a1a2a;padding-top:var(--wp--preset--spacing--60);padding-right:var(--wp--preset--spacing--60);padding-bottom:var(--wp--preset--spacing--60);padding-left:var(--wp--preset--spacing--60)\">\n<p class=\"has-text-align-center has-text-color has-link-color has-montserrat-font-family wp-elements-114 wp-block-paragraph\" style=\"color:#d4a84b;font-size:0.58rem;font-style:normal;font-weight:600;letter-spacing:0.4em\">\n          NIVELL 1 \u00b7 L&#8217;HERBARI\n        <\/p>\n\n\n\n<h3 class=\"wp-block-heading has-text-align-center has-text-color has-link-color has-cormorant-garamond-font-family wp-elements-115\" style=\"color:#f0ece4;font-size:clamp(1.146rem, 1.146rem + ((1vw - 0.2rem) * 1.026), 1.8rem);font-style:italic;font-weight:300;line-height:1.25\">\n          L&#8217;Herbari Epistolar Alqu\u00edmic\n        <\/h3>\n\n\n\n<p class=\"has-text-align-center has-text-color has-link-color has-cormorant-garamond-font-family wp-elements-116 wp-block-paragraph\" style=\"color:#7a7870;font-size:clamp(0.875rem, 0.875rem + ((1vw - 0.2rem) * 0.071), 0.92rem);font-style:italic;font-weight:300\">\n          \u00abHabitar la setmana amb sentit i bellesa.\u00bb\n        <\/p>\n\n\n\n<hr class=\"wp-block-separator has-text-color has-alpha-channel-opacity has-background\" style=\"background-color:#d4a84b;color:#d4a84b\"\/>\n\n\n\n<div class=\"wp-block-group is-content-justification-center is-nowrap is-layout-flex wp-container-core-group-is-layout-8146936c wp-block-group-is-layout-flex\" style=\"margin-top:var(--wp--preset--spacing--30)\">\n<p class=\"has-text-color has-link-color has-cormorant-garamond-font-family wp-elements-117 wp-block-paragraph\" style=\"color:#e8c060;font-size:clamp(1.976rem, 1.976rem + ((1vw - 0.2rem) * 2.391), 3.5rem);font-style:italic;font-weight:300;line-height:1\">\n            17 \u20ac\n          <\/p>\n\n\n\n<p class=\"has-text-color has-montserrat-font-family wp-block-paragraph\" style=\"color:#7a7870;font-size:0.82rem;font-style:normal;font-weight:300\">\n            \/mes\n          <\/p>\n<\/div>\n\n\n\n<p class=\"has-text-align-center has-text-color has-montserrat-font-family wp-block-paragraph\" style=\"color:#7a7870;font-size:0.75rem;font-style:normal;font-weight:300;text-decoration:line-through\">\n          Preu regular: 33 \u20ac\/mes\n        <\/p>\n\n\n\n<p class=\"has-text-align-center has-text-color has-montserrat-font-family wp-block-paragraph\" style=\"color:#d4a84b;font-size:0.65rem;font-style:italic;font-weight:300\">\n          Preu early bird mantingut per sempre\n        <\/p>\n<\/div>\n\n\n\n<div class=\"wp-block-group has-background is-layout-flow wp-block-group-is-layout-flow\" style=\"background-color:#ffffff;padding-top:var(--wp--preset--spacing--50);padding-right:var(--wp--preset--spacing--60);padding-bottom:var(--wp--preset--spacing--60);padding-left:var(--wp--preset--spacing--60)\">\n<ul style=\"padding-bottom:var(--wp--preset--spacing--40)\" class=\"wp-block-list has-small-font-size\">\n<li class=\"has-text-color\" style=\"color:#2a2820\">\n            L&#8217;Herbari Po\u00e8tic: 2 entregues profundes mensuals que uneixen un autor (Rilke, Jung, Spinoza&#8230;) amb l&#8217;energia del cel\n          <\/li>\n\n\n\n<li class=\"has-text-color\" style=\"color:#2a2820\">C\u00e0psula de Neuroreparaci\u00f3: v\u00eddeo\/\u00e0udio mensual per regular el teu sistema nervi\u00f3s<\/li>\n\n\n\n<li class=\"has-text-color\" style=\"color:#2a2820\">Acc\u00e9s a la Comunitat: espai de lectura i reflexi\u00f3 en la plataforma<\/li>\n<\/ul>\n\n\n<\/div>\n<\/div>\n\n\n\n<div class=\"wp-block-column is-layout-flow wp-block-column-is-layout-flow\">\n<div class=\"wp-block-group has-background is-layout-flow wp-block-group-is-layout-flow\" style=\"background-color:#1a1a2a;padding-top:var(--wp--preset--spacing--60);padding-right:var(--wp--preset--spacing--60);padding-bottom:var(--wp--preset--spacing--60);padding-left:var(--wp--preset--spacing--60)\">\n<p class=\"has-text-align-center has-text-color has-link-color has-montserrat-font-family wp-elements-118 wp-block-paragraph\" style=\"color:#d4a84b;font-size:0.58rem;font-style:normal;font-weight:600;letter-spacing:0.4em\">\n          NIVELL 2 \u00b7 L&#8217;ASTROLAB\n        <\/p>\n\n\n\n<h3 class=\"wp-block-heading has-text-align-center has-text-color has-link-color has-cormorant-garamond-font-family wp-elements-119\" style=\"color:#f0ece4;font-size:clamp(1.146rem, 1.146rem + ((1vw - 0.2rem) * 1.026), 1.8rem);font-style:italic;font-weight:300;line-height:1.25\">\n          El Gresol dels Vincles: L&#8217;Astrolab\n        <\/h3>\n\n\n\n<p class=\"has-text-align-center has-text-color has-link-color has-cormorant-garamond-font-family wp-elements-120 wp-block-paragraph\" style=\"color:#7a7870;font-size:clamp(0.875rem, 0.875rem + ((1vw - 0.2rem) * 0.071), 0.92rem);font-style:italic;font-weight:300\">\n          \u00abAlqu\u00edmia aplicada a la teva vida quotidiana.\u00bb\n        <\/p>\n\n\n\n<hr class=\"wp-block-separator has-text-color has-alpha-channel-opacity has-background\" style=\"background-color:#d4a84b;color:#d4a84b\"\/>\n\n\n\n<div class=\"wp-block-group is-content-justification-center is-nowrap is-layout-flex wp-container-core-group-is-layout-8146936c wp-block-group-is-layout-flex\" style=\"margin-top:var(--wp--preset--spacing--30)\">\n<p class=\"has-text-color has-link-color has-cormorant-garamond-font-family wp-elements-121 wp-block-paragraph\" style=\"color:#e8c060;font-size:clamp(1.976rem, 1.976rem + ((1vw - 0.2rem) * 2.391), 3.5rem);font-style:italic;font-weight:300;line-height:1\">\n            33 \u20ac\n          <\/p>\n\n\n\n<p class=\"has-text-color has-montserrat-font-family wp-block-paragraph\" style=\"color:#7a7870;font-size:0.82rem;font-style:normal;font-weight:300\">\n            \/mes\n          <\/p>\n<\/div>\n\n\n\n<p class=\"has-text-align-center has-text-color has-montserrat-font-family wp-block-paragraph\" style=\"color:#7a7870;font-size:0.75rem;font-style:normal;font-weight:300;text-decoration:line-through\">\n          Preu regular: 66 \u20ac\/mes\n        <\/p>\n\n\n\n<p class=\"has-text-align-center has-text-color has-montserrat-font-family wp-block-paragraph\" style=\"color:#d4a84b;font-size:0.65rem;font-style:italic;font-weight:300\">\n          Preu early bird mantingut per sempre\n        <\/p>\n<\/div>\n\n\n\n<div class=\"wp-block-group has-background is-layout-flow wp-block-group-is-layout-flow\" style=\"background-color:#ffffff;padding-top:var(--wp--preset--spacing--50);padding-right:var(--wp--preset--spacing--60);padding-bottom:var(--wp--preset--spacing--30);padding-left:var(--wp--preset--spacing--60)\">\n<ul style=\"padding-bottom:var(--wp--preset--spacing--40)\" class=\"wp-block-list has-small-font-size\">\n<li class=\"has-text-color\" style=\"color:#2a2820\">Tot el contingut del Nivell 1 incl\u00f2s<\/li>\n\n\n\n<li class=\"has-text-color\" style=\"color:#2a2820\">El Laboratori Directe: sessi\u00f3 grupal en viu al mes per analitzar els tr\u00e0nsits actuals<\/li>\n\n\n\n<li class=\"has-text-color\" style=\"color:#2a2820\">\n            Masterclass Arquetipal: classe magistral mensual sobre un arquetip i la seva ombra vincular\n          <\/li>\n\n\n\n<li class=\"has-text-color\" style=\"color:#2a2820\">\n            El Gresol (Telegram\/Comunitat): acc\u00e9s al grup de suport per compartir l&#8217;alqu\u00edmia del dia a dia\n          <\/li>\n<\/ul>\n\n\n<\/div>\n<\/div>\n<\/div>\n<\/section>\n\n\n\n<section class=\"wp-block-group alignfull is-style-section-1 has-contrast-color has-text-color has-background has-link-color wp-elements-122 has-global-padding is-layout-constrained wp-container-core-group-is-layout-0553457c wp-block-group-is-layout-constrained is-style-section-1--12\" style=\"background-color:#131320;margin-top:0;margin-bottom:0;padding-top:var(--wp--preset--spacing--50);padding-right:var(--wp--preset--spacing--50);padding-bottom:var(--wp--preset--spacing--50);padding-left:var(--wp--preset--spacing--50)\">  \n  \n  <div class=\"\n    mailpoet_form_popup_overlay\n      \"><\/div>\n  <div\n    id=\"mailpoet_form_1\"\n    class=\"\n      mailpoet_form\n      mailpoet_form_html\n      mailpoet_form_position_\n      mailpoet_form_animation_\n    \"\n      >\n\n    <style type=\"text\/css\">\n     #mailpoet_form_1 .mailpoet_form {  }\n#mailpoet_form_1 form { margin-bottom: 0; }\n#mailpoet_form_1 p.mailpoet_form_paragraph { margin-bottom: 10px; }\n#mailpoet_form_1 .mailpoet_column_with_background { padding: 10px; }\n#mailpoet_form_1 .mailpoet_form_column:not(:first-child) { margin-left: 20px; }\n#mailpoet_form_1 .mailpoet_paragraph { line-height: 20px; margin-bottom: 20px; }\n#mailpoet_form_1 .mailpoet_segment_label, #mailpoet_form_1 .mailpoet_text_label, #mailpoet_form_1 .mailpoet_textarea_label, #mailpoet_form_1 .mailpoet_select_label, #mailpoet_form_1 .mailpoet_radio_label, #mailpoet_form_1 .mailpoet_checkbox_label, #mailpoet_form_1 .mailpoet_list_label, #mailpoet_form_1 .mailpoet_date_label { display: block; font-weight: normal; }\n#mailpoet_form_1 .mailpoet_text, #mailpoet_form_1 .mailpoet_textarea, #mailpoet_form_1 .mailpoet_select, #mailpoet_form_1 .mailpoet_date_month, #mailpoet_form_1 .mailpoet_date_day, #mailpoet_form_1 .mailpoet_date_year, #mailpoet_form_1 .mailpoet_date { display: block; }\n#mailpoet_form_1 .mailpoet_text, #mailpoet_form_1 .mailpoet_textarea { width: 200px; }\n#mailpoet_form_1 .mailpoet_checkbox {  }\n#mailpoet_form_1 .mailpoet_submit {  }\n#mailpoet_form_1 .mailpoet_divider {  }\n#mailpoet_form_1 .mailpoet_message {  }\n#mailpoet_form_1 .mailpoet_form_loading { width: 30px; text-align: center; line-height: normal; }\n#mailpoet_form_1 .mailpoet_form_loading > span { width: 5px; height: 5px; background-color: #5b5b5b; }#mailpoet_form_1{border-radius: 0px;text-align: left;}#mailpoet_form_1 form.mailpoet_form {padding: 10px;}#mailpoet_form_1{width: 100%;}#mailpoet_form_1 .mailpoet_message {margin: 0; padding: 0 20px;}\n        #mailpoet_form_1 .mailpoet_validate_success {color: #ffffff}\n        #mailpoet_form_1 input.parsley-success {color: #ffffff}\n        #mailpoet_form_1 select.parsley-success {color: #ffffff}\n        #mailpoet_form_1 textarea.parsley-success {color: #ffffff}\n      \n        #mailpoet_form_1 .mailpoet_validate_error {color: #fcb900}\n        #mailpoet_form_1 input.parsley-error {color: #fcb900}\n        #mailpoet_form_1 select.parsley-error {color: #fcb900}\n        #mailpoet_form_1 textarea.textarea.parsley-error {color: #fcb900}\n        #mailpoet_form_1 .parsley-errors-list {color: #fcb900}\n        #mailpoet_form_1 .parsley-required {color: #fcb900}\n        #mailpoet_form_1 .parsley-custom-error-message {color: #fcb900}\n      #mailpoet_form_1 .mailpoet_paragraph.last {margin-bottom: 0} @media (max-width: 500px) {#mailpoet_form_1 {background-image: none;}} @media (min-width: 500px) {#mailpoet_form_1 .last .mailpoet_paragraph:last-child {margin-bottom: 0}}  @media (max-width: 500px) {#mailpoet_form_1 .mailpoet_form_column:last-child .mailpoet_paragraph:last-child {margin-bottom: 0}} \n    <\/style>\n\n    <form\n      target=\"_self\"\n      method=\"post\"\n      action=\"https:\/\/pilarvallmitjana.com\/wp-admin\/admin-post.php?action=mailpoet_subscription_form\"\n      class=\"mailpoet_form mailpoet_form_form mailpoet_form_html\"\n      novalidate\n      data-delay=\"\"\n      data-exit-intent-enabled=\"\"\n      data-trigger-mode=\"\"\n      data-click-trigger-selector=\"\"\n      data-font-family=\"\"\n      data-cookie-expiration-time=\"\"\n    >\n      <input type=\"hidden\" name=\"data[form_id]\" value=\"1\" \/>\n      <input type=\"hidden\" name=\"token\" value=\"bd5e1993e8\" \/>\n      <input type=\"hidden\" name=\"api_version\" value=\"v1\" \/>\n      <input type=\"hidden\" name=\"endpoint\" value=\"subscribers\" \/>\n      <input type=\"hidden\" name=\"mailpoet_method\" value=\"subscribe\" \/>\n\n      <label class=\"mailpoet_hp_email_label\" style=\"display: none !important;\">Deixa aquest camp buit<input type=\"email\" name=\"data[email]\"\/><\/label><div class='mailpoet_spacer' style='height: 10px;'><\/div>\n<h2 class=\"mailpoet-heading  mailpoet-has-font-size\" style=\"text-align: center; color: #ffffff; font-size: 20px; line-height: 1.5\"><span style=\"font-family: Montserrat\" data-font=\"Montserrat\" class=\"mailpoet-has-font\"><strong>Si vols rebre informaci\u00f3 cada divendres pots deixar el teu correu electr\u00f2nic<br><\/strong><\/span><span style=\"font-family: Montserrat\" data-font=\"Montserrat\" class=\"mailpoet-has-font\"><\/span><\/h2>\n<p class=\"mailpoet_form_paragraph  mailpoet-has-font-size\" style=\"text-align: center; color: #ffffff; font-size: 14px; line-height: 1.5\">Rebr\u00e0s a l&#8217;instant la guia per mapejar la teva salut psicosom\u00e0tica per comen\u00e7ar a posar nom i sentit al que els teus s\u00edmptomes corporals intenten dir-te.<\/p>\n<div class=\"mailpoet_paragraph \"><input type=\"email\" autocomplete=\"email\" class=\"mailpoet_text\" id=\"form_email_1\" name=\"data[form_field_NTUwYmZkNmYzYmQyX2VtYWls]\" title=\"Adre\u00e7a de correu electr\u00f2nic\" value=\"\" style=\"width:100%;box-sizing:border-box;background-color:#f1f1f1;border-style:solid;border-radius:40px !important;border-width:0px;border-color:#313131;padding:15px;margin: 0 auto 0 0;font-family:&#039;Montserrat&#039;;font-size:15px;line-height:1.5;height:auto;\" data-automation-id=\"form_email\"  placeholder=\"Adre\u00e7a de correu electr\u00f2nic *\" aria-label=\"Adre\u00e7a de correu electr\u00f2nic *\" data-parsley-errors-container=\".mailpoet_error_17d8n\" data-parsley-required=\"true\" required aria-required=\"true\" data-parsley-minlength=\"6\" data-parsley-maxlength=\"150\" data-parsley-type-message=\"Aquest valor ha de ser un correu electr\u00f2nic v\u00e0lid.\" data-parsley-required-message=\"Aquest camp \u00e9s obligatori.\"\/><span class=\"mailpoet_error_17d8n\"><\/span><\/div>\n<div class=\"mailpoet_paragraph \"><input type=\"submit\" class=\"mailpoet_submit\" value=\"Subscriu&#039;te\" data-automation-id=\"subscribe-submit-button\" data-font-family='Montserrat' style=\"width:100%;box-sizing:border-box;background-color:#b79347;border-style:solid;border-radius:40px !important;border-width:0px;border-color:#313131;padding:15px;margin: 0 auto 0 0;font-family:&#039;Montserrat&#039;;font-size:15px;line-height:1.5;height:auto;color:#ffffff;font-weight:bold;\" \/><span class=\"mailpoet_form_loading\"><span class=\"mailpoet_bounce1\"><\/span><span class=\"mailpoet_bounce2\"><\/span><span class=\"mailpoet_bounce3\"><\/span><\/span><\/div>\n<p class=\"mailpoet_form_paragraph  mailpoet-has-font-size\" style=\"text-align: center; color: #ffffff; font-size: 13px; line-height: 1.5\"><\/p>\n\n      <div class=\"mailpoet_message\">\n        <p class=\"mailpoet_validate_success\"\n                style=\"display:none;\"\n                >T&#039;has subscrit amb \u00e8xit al nostre butllet\u00ed!\n        <\/p>\n        <p class=\"mailpoet_validate_error\"\n                style=\"display:none;\"\n                >        <\/p>\n      <\/div>\n    <\/form>\n\n      <\/div>\n\n  <\/section>\n\n\n\n<footer\n  class=\"wp-block-group alignfull has-text-color has-background has-link-color wp-elements-123 has-global-padding is-layout-constrained wp-container-core-group-is-layout-e05b3551 wp-block-group-is-layout-constrained\"\n  style=\"\n    display: block !important;\n    color: #bcbab0;\n    background-color: #07070d;\n    border-top-color: rgba(212, 168, 75, 0.08);\n    border-top-width: 1px;\n    margin-top: 0;\n    margin-bottom: 0;\n    padding-top: var(--wp--preset--spacing--70);\n    padding-right: var(--wp--preset--spacing--50);\n    padding-bottom: var(--wp--preset--spacing--50);\n    padding-left: var(--wp--preset--spacing--50);\n  \"\n>\n  \n\n<div\n    class=\"wp-block-columns alignwide is-layout-flex wp-container-core-columns-is-layout-df8d628e wp-block-columns-is-layout-flex\"\n    style=\"border-bottom-color: rgba(212, 168, 75, 0.07); border-bottom-width: 1px; padding-bottom: var(--wp--preset--spacing--60)\"\n  >\n    \n\n<div class=\"wp-block-column is-layout-flow wp-block-column-is-layout-flow\" style=\"flex-basis: 50%\">\n      \n\n<p class=\"has-text-color has-cormorant-garamond-font-family wp-block-paragraph\" style=\"color: #f0ece4; font-size:clamp(1.25rem, 1.25rem + ((1vw - 0.2rem) * 1.176), 2rem); font-style: italic; font-weight: 300\">\n        Pilar <em style=\"color: #d4a84b\">Vallmitjana<\/em>\n      <\/p>\n\n      \n\n<p\n        class=\"has-text-color has-link-color has-montserrat-font-family wp-elements-124 wp-block-paragraph\"\n        style=\"color: #7a7870; font-size: 0.82rem; font-style: normal; font-weight: 300; line-height: 1.85\"\n      >\n        On la ci\u00e8ncia i l&rsquo;esperit es troben per fer-te lliure. Astroalqu\u00edmia, neuroci\u00e8ncia i psicologia al servei de la teva transformaci\u00f3.\n      <\/p>\n\n    <\/div>\n\n    \n\n<div class=\"wp-block-column is-layout-flow wp-block-column-is-layout-flow\" style=\"flex-basis: 25%\">\n      \n\n<h4\n        class=\"wp-block-heading has-text-color has-link-color has-montserrat-font-family wp-elements-125\"\n        style=\"color: #8a6820; font-size: 0.56rem; font-style: normal; font-weight: 600; letter-spacing: 0.4em\"\n      >\n        Navegaci\u00f3\n      <\/h4>\n\n      \n\n<ul class=\"wp-block-list pv-footer-list\" style=\"padding-left: 0\">\n        \n\n<li><a href=\"#sobre-mi\" style=\"color: #7a7870; text-decoration: none\">Sobre mi<\/a><\/li>\n\n        \n\n<li><a href=\"#metode\" style=\"color: #7a7870; text-decoration: none\">El meu m\u00e8tode<\/a><\/li>\n\n        \n\n<li><a href=\"#serveis\" style=\"color: #7a7870; text-decoration: none\">Serveis<\/a><\/li>\n\n        \n\n<li><a href=\"#membresia\" style=\"color: #7a7870; text-decoration: none\">Membresia<\/a><\/li>\n\n      <\/ul>\n\n    <\/div>\n\n    \n\n<div class=\"wp-block-column is-layout-flow wp-block-column-is-layout-flow\" style=\"flex-basis: 25%\">\n      \n\n<h4\n        class=\"wp-block-heading has-text-color has-link-color has-montserrat-font-family wp-elements-126\"\n        style=\"color: #8a6820; font-size: 0.56rem; font-style: normal; font-weight: 600; letter-spacing: 0.4em\"\n      >\n        Serveis\n      <\/h4>\n\n      \n\n<ul class=\"wp-block-list pv-footer-list\" style=\"padding-left: 0\">\n        \n\n<li><a href=\"#serveis\" style=\"color: #7a7870; text-decoration: none\">El Despertar de l&rsquo;Alquimista<\/a><\/li>\n\n        \n\n<li><a href=\"#serveis\" style=\"color: #7a7870; text-decoration: none\">Full de Ruta<\/a><\/li>\n\n        \n\n<li><a href=\"#serveis\" style=\"color: #7a7870; text-decoration: none\">El Temple de la Sanaci\u00f3<\/a><\/li>\n\n        \n\n<li><a href=\"#serveis\" style=\"color: #7a7870; text-decoration: none\">Lectura Drac\u00f2nica<\/a><\/li>\n\n        \n\n<li><a href=\"#serveis\" style=\"color: #7a7870; text-decoration: none\">Revoluci\u00f3 Solar<\/a><\/li>\n\n        \n\n<li><a href=\"#serveis\" style=\"color: #7a7870; text-decoration: none\">Revoluci\u00f3 de Venus<\/a><\/li>\n\n      <\/ul>\n\n    <\/div>\n\n  <\/div>\n\n  \n\n<div class=\"wp-block-group is-content-justification-space-between is-layout-flex wp-container-core-group-is-layout-4fb691d8 wp-block-group-is-layout-flex\" style=\"padding-top: var(--wp--preset--spacing--40)\">\n    \n\n<p\n      class=\"has-text-color has-montserrat-font-family wp-block-paragraph\"\n      style=\"color: rgba(188, 186, 176, 0.35); font-size: 0.65rem; font-style: normal; font-weight: 300\"\n    >\n      &copy; 2025 Pilar Vallmitjana. Tots els drets reservats.\n    <\/p>\n\n    \n\n<p\n      class=\"has-text-color has-montserrat-font-family wp-block-paragraph\"\n      style=\"color: #8a6820; font-size: 0.58rem; font-style: normal; font-weight: 600; letter-spacing: 0.3em; text-transform: uppercase\"\n    >\n      Astroalqu\u00edmia &mdash; Pilar Vallmitjana\n    <\/p>\n\n  <\/div>\n\n<\/footer>\n","protected":false},"excerpt":{"rendered":"<p>Pilar Vallmitjana Sobre mi El meu m\u00e8tode Serveis Membresia Descobreix els serveis Astroalqu\u00edmia &nbsp;\u2022&nbsp; Neuroreparaci\u00f3 &nbsp;\u2022&nbsp; Transformaci\u00f3 On la c\u00e8l\u00b7lula i l\u2019astre es reconeixen T\u2019acompanyo a traduir la pols dels astres al llenguatge del teu propi cos, transformant els patrons de superviv\u00e8ncia en una biologia de la llibertat. \u2014 SOBRE MI \u2014 FORMACI\u00d3 I ESPECIALITZACI\u00d3 [&hellip;]<\/p>\n","protected":false},"author":1,"featured_media":0,"parent":0,"menu_order":0,"comment_status":"closed","ping_status":"closed","template":"page-no-title","meta":{"footnotes":""},"class_list":["post-23","page","type-page","status-publish","hentry"],"_links":{"self":[{"href":"https:\/\/pilarvallmitjana.com\/index.php\/wp-json\/wp\/v2\/pages\/23","targetHints":{"allow":["GET"]}}],"collection":[{"href":"https:\/\/pilarvallmitjana.com\/index.php\/wp-json\/wp\/v2\/pages"}],"about":[{"href":"https:\/\/pilarvallmitjana.com\/index.php\/wp-json\/wp\/v2\/types\/page"}],"author":[{"embeddable":true,"href":"https:\/\/pilarvallmitjana.com\/index.php\/wp-json\/wp\/v2\/users\/1"}],"replies":[{"embeddable":true,"href":"https:\/\/pilarvallmitjana.com\/index.php\/wp-json\/wp\/v2\/comments?post=23"}],"version-history":[{"count":86,"href":"https:\/\/pilarvallmitjana.com\/index.php\/wp-json\/wp\/v2\/pages\/23\/revisions"}],"predecessor-version":[{"id":417,"href":"https:\/\/pilarvallmitjana.com\/index.php\/wp-json\/wp\/v2\/pages\/23\/revisions\/417"}],"wp:attachment":[{"href":"https:\/\/pilarvallmitjana.com\/index.php\/wp-json\/wp\/v2\/media?parent=23"}],"curies":[{"name":"wp","href":"https:\/\/api.w.org\/{rel}","templated":true}]}}